{"id":3968,"date":"2016-03-02T08:18:04","date_gmt":"2016-03-02T08:18:04","guid":{"rendered":"http:\/\/www.leboisducazier.be\/en\/asbl\/"},"modified":"2016-04-27T07:56:46","modified_gmt":"2016-04-27T07:56:46","slug":"npo","status":"publish","type":"page","link":"https:\/\/www.leboisducazier.be\/en\/npo\/","title":{"rendered":"The NPO"},"content":{"rendered":"<div id=\"pl-3968\"  class=\"panel-layout\" ><div id=\"pg-3968-0\"  class=\"panel-grid panel-no-style\" ><div id=\"pgc-3968-0-0\"  class=\"panel-grid-cell\" ><div id=\"panel-3968-0-0-0\" class=\"so-panel widget widget_black-studio-tinymce widget_black_studio_tinymce panel-first-child panel-last-child\" data-index=\"0\" ><div class=\"textwidget\"><h4 style=\"text-align: justify;\">THE NON-PROFIT ORGANIZATION<\/h4>\n<h2 style=\"text-align: justify;\">The Bois du Cazier<\/h2>\n<p style=\"text-align: justify;\"><span id=\"result_box\" class=\"\" lang=\"en\"><span title=\"L'ann\u00e9e 2012 et la reconnaissance par l'UNESCO du site du Bois du Cazier constitue une formidable opportunit\u00e9 de lancer une nouvelle dynamique autour de la pr\u00e9servation et de la valorisation culturelle et touristique du charbonnage.\">The year 2012 <span class=\"st\">\u2014<\/span> and the recognition by UNESCO of the Bois du Cazier site\u00a0<span class=\"st\">\u2014<\/span> is a tremendous opportunity to launch a new dynamic around the preservation, cultural and touristic value of the coal. <\/span><span title=\"Elle est d\u00e9crite dans un projet de plan de gestion commun reprenant 63 actions d\u00e9finies selon sept axes de d\u00e9veloppement, de la participation citoyenne \u00e0 la recherche scientifique. \">It is described in a joint management plan proposed taking 63 actions identified in seven areas of development, citizen participation in scientific research.<\/span><\/span><\/p>\n<p><span title=\"Cette reconnaissance est le fruit d\u2019un travail de collaboration constructive, men\u00e9 tout au long de la candidature par les acteurs \u00e9voluant sur les quatre sites miniers, en synergie avec la R\u00e9gion wallonne et l\u2019Institut du Patrimoine wallon.\">This recognition is the result of a constructive collaboration work conducted throughout the application by the actors working on the four mining sites in synergy with the Walloon Region and the Walloon Heritage Institute. <\/span><span title=\"Elle n'est cependant qu'une \u00e9tape, en forme de d\u00e9fi, dans la mission de conservation et de mise en valeur dans laquelle se sont engag\u00e9s leurs gestionnaires ainsi que tous les op\u00e9rateurs concern\u00e9s, en particulier le Commissariat g\u00e9n\u00e9ral au Tourisme pour le Bois du\">However, it is only a stage in the form of challenge in the mission of conservation and development in which their managers are committed and all the operators concerned, in particular the General Commission for Tourism for the Bois du <\/span><span title=\"Cazier. \">Cazier.<\/span><\/p>\n<p><span title=\"Non seulement l'inscription \u00e9largit la renomm\u00e9e du site sur le plan international, mais elle montre aux Wallons eux-m\u00eames, ainsi qu'aux pouvoirs publics, l'importance de ce patrimoine qu'il faut mettre en valeur et surtout animer en lui donnant\">Not only the entry expands the reputation of the site internationally, but it shows the Walloons themselves, and the government, the importance of this heritage which must highlight and animate especially by giving <\/span><span title=\"les moyens n\u00e9cessaires.\">means necessary. <\/span><span title=\"Si cette reconnaissance est un aboutissement en soi, elle est surtout un point de d\u00e9part d'un investissement de temps et d'\u00e9nergie de la part de toute notre \u00e9quipe. \">If this recognition is an end in itself, it is mainly a starting point for an investment of time and energy on behalf of our entire team.<\/span><\/p>\n<\/div><\/div><\/div><\/div><div id=\"pg-3968-1\"  class=\"panel-grid panel-no-style\" ><div id=\"pgc-3968-1-0\"  class=\"panel-grid-cell\" ><div id=\"panel-3968-1-0-0\" class=\"so-panel widget widget_sow-editor panel-first-child\" data-index=\"1\" ><div\n\t\t\t\n\t\t\tclass=\"so-widget-sow-editor so-widget-sow-editor-base\"\n\t\t\t\n\t\t><h3 class=\"widget-title\">Discover our team<\/h3>\n<div class=\"siteorigin-widget-tinymce textwidget\">\n\t<\/div>\n<\/div><\/div><div id=\"panel-3968-1-0-1\" class=\"so-panel widget widget_team-widget panel-last-child\" data-index=\"2\" ><div\n\t\t\t\n\t\t\tclass=\"so-widget-team-widget so-widget-team-widget-base\"\n\t\t\t\n\t\t>\n<div class=\"carousel-wrapper venues-grid\">\n        <ul class=\"owl-carousel carousel-fw\" data-columns=\"3\" data-autoplay=\"\" data-pagination=\"no\" data-arrows=\"yes\" data-single-item=\"no\" data-items-desktop=\"3\" data-items-desktop-small=\"2\" data-items-tablet=\"2\" data-items-mobile=\"1\"  data-rtl=\"ltr\" >\n\n\n\t\t\t            <!-- STAFF ITEM -->\n            <li class=\"item\">                <div class=\"staff-item format-image\">\n                                            <img decoding=\"async\" src=\"https:\/\/www.leboisducazier.be\/wp-content\/uploads\/2016\/03\/ista.jpg\" class=\"imic_600x400 wp-post-image\" alt=\"\" \/>                                        <div class=\"grid-item-content\">\n                        <h3>Colette Ista<\/h3>\n                        <span class=\"meta-data\">Director<\/span>                        <ul class=\"social-icons-colored\"><li class=\"email\"><a href=\"mailto:c.ista@leboisducazier.be\"><i class=\"fa fa-envelope\"><\/i><\/a><\/li><\/ul>                                            <\/div>\n                <\/div>\n            <\/li>\n        \n\t\t            <!-- STAFF ITEM -->\n            <li class=\"item\">                <div class=\"staff-item format-image\">\n                                            <img decoding=\"async\" src=\"https:\/\/www.leboisducazier.be\/wp-content\/uploads\/2016\/03\/dambrosio-1.jpg\" class=\"imic_600x400 wp-post-image\" alt=\"\" \/>                                        <div class=\"grid-item-content\">\n                        <h3>Sophie D&#8217;Ambrosio<\/h3>\n                        <span class=\"meta-data\">Adjunct-directrice<\/span>                        <ul class=\"social-icons-colored\"><li class=\"email\"><a href=\"mailto:s.dambrosio@leboisducazier.be\"><i class=\"fa fa-envelope\"><\/i><\/a><\/li><\/ul>                                            <\/div>\n                <\/div>\n            <\/li>\n        \n\t\t            <!-- STAFF ITEM -->\n            <li class=\"item\">                <div class=\"staff-item format-image\">\n                                            <img decoding=\"async\" src=\"https:\/\/www.leboisducazier.be\/wp-content\/uploads\/2016\/03\/forti.jpg\" class=\"imic_600x400 wp-post-image\" alt=\"\" \/>                                        <div class=\"grid-item-content\">\n                        <h3>Alain Forti<\/h3>\n                        <span class=\"meta-data\">Curator<\/span>                        <ul class=\"social-icons-colored\"><li class=\"email\"><a href=\"mailto:a.forti@leboisducazier.be\"><i class=\"fa fa-envelope\"><\/i><\/a><\/li><\/ul>                                            <\/div>\n                <\/div>\n            <\/li>\n        \n\t\t            <!-- STAFF ITEM -->\n            <li class=\"item\">                <div class=\"staff-item format-image\">\n                                            <img decoding=\"async\" src=\"https:\/\/www.leboisducazier.be\/wp-content\/uploads\/2016\/03\/dethy-1.jpg\" class=\"imic_600x400 wp-post-image\" alt=\"\" \/>                                        <div class=\"grid-item-content\">\n                        <h3>Christelle Dethy<\/h3>\n                        <span class=\"meta-data\">Head of the educational department and project manager<\/span>                        <ul class=\"social-icons-colored\"><li class=\"email\"><a href=\"mailto:c.dethy@leboisducazier.be\"><i class=\"fa fa-envelope\"><\/i><\/a><\/li><\/ul>                                            <\/div>\n                <\/div>\n            <\/li>\n        \n\t\t            <!-- STAFF ITEM -->\n            <li class=\"item\">                <div class=\"staff-item format-image\">\n                                            <img decoding=\"async\" src=\"https:\/\/www.leboisducazier.be\/wp-content\/uploads\/2016\/03\/axel-2.jpg\" class=\"imic_600x400 wp-post-image\" alt=\"\" \/>                                        <div class=\"grid-item-content\">\n                        <h3>Axel Mathieu<\/h3>\n                        <span class=\"meta-data\">Home Service Manager<\/span>                        <ul class=\"social-icons-colored\"><li class=\"email\"><a href=\"mailto:a.mathieu@leboisducazier.be\"><i class=\"fa fa-envelope\"><\/i><\/a><\/li><\/ul>                                            <\/div>\n                <\/div>\n            <\/li>\n        \n\t\t            <!-- STAFF ITEM -->\n            <li class=\"item\">                <div class=\"staff-item format-image\">\n                                        <div class=\"grid-item-content\">\n                        <h3>David Scelo<\/h3>\n                        <span class=\"meta-data\">Technical Manager<\/span>                        <ul class=\"social-icons-colored\"><li class=\"email\"><a href=\"mailto:d.scelo@leboisducazier.be\"><i class=\"fa fa-envelope\"><\/i><\/a><\/li><\/ul>                                            <\/div>\n                <\/div>\n            <\/li>\n        \n\t\t            <!-- STAFF ITEM -->\n            <li class=\"item\">                <div class=\"staff-item format-image\">\n                                        <div class=\"grid-item-content\">\n                        <h3>Isabelle Saussez<\/h3>\n                        <span class=\"meta-data\">Communications Manager<\/span>                        <ul class=\"social-icons-colored\"><li class=\"email\"><a href=\"mailto:i.saussez@leboisducazier.be\"><i class=\"fa fa-envelope\"><\/i><\/a><\/li><\/ul>                                            <\/div>\n                <\/div>\n            <\/li>\n        \n\t\t            <!-- STAFF ITEM -->\n            <li class=\"item\">                <div class=\"staff-item format-image\">\n                                            <img decoding=\"async\" src=\"https:\/\/www.leboisducazier.be\/wp-content\/uploads\/2016\/03\/berengere-1.jpg\" class=\"imic_600x400 wp-post-image\" alt=\"\" \/>                                        <div class=\"grid-item-content\">\n                        <h3>B\u00e9reng\u00e8re Chartier<\/h3>\n                        <span class=\"meta-data\">Graphic designer<\/span>                        <ul class=\"social-icons-colored\"><li class=\"email\"><a href=\"mailto:b.chartier@leboisducazier.be\"><i class=\"fa fa-envelope\"><\/i><\/a><\/li><\/ul>                                            <\/div>\n                <\/div>\n            <\/li>\n        \n\t\t            <!-- STAFF ITEM -->\n            <li class=\"item\">                <div class=\"staff-item format-image\">\n                                        <div class=\"grid-item-content\">\n                        <h3>Henry Van Cauwenberghe<\/h3>\n                        <span class=\"meta-data\">Communication and reception<\/span>                        <ul class=\"social-icons-colored\"><li class=\"email\"><a href=\"mailto:h.vancauwenberghe@leboisducazier.be\"><i class=\"fa fa-envelope\"><\/i><\/a><\/li><\/ul>                                            <\/div>\n                <\/div>\n            <\/li>\n        \n\t\t            <!-- STAFF ITEM -->\n            <li class=\"item\">                <div class=\"staff-item format-image\">\n                                        <div class=\"grid-item-content\">\n                        <h3>Aude Musin<\/h3>\n                        <span class=\"meta-data\">Research Associate<\/span>                        <ul class=\"social-icons-colored\"><li class=\"email\"><a href=\"mailto:a.musin@leboisducazier.be\"><i class=\"fa fa-envelope\"><\/i><\/a><\/li><\/ul>                                            <\/div>\n                <\/div>\n            <\/li>\n        \n\t\t            <!-- STAFF ITEM -->\n            <li class=\"item\">                <div class=\"staff-item format-image\">\n                                            <img decoding=\"async\" src=\"https:\/\/www.leboisducazier.be\/wp-content\/uploads\/2016\/03\/julie-1.jpg\" class=\"imic_600x400 wp-post-image\" alt=\"\" \/>                                        <div class=\"grid-item-content\">\n                        <h3>Julie van der Vrecken<\/h3>\n                        <span class=\"meta-data\">Documentalist<\/span>                        <ul class=\"social-icons-colored\"><li class=\"email\"><a href=\"mailto:j.vandervrecken@leboisducazier.be\"><i class=\"fa fa-envelope\"><\/i><\/a><\/li><\/ul>                                            <\/div>\n                <\/div>\n            <\/li>\n        \n\t\t            <!-- STAFF ITEM -->\n            <li class=\"item\">                <div class=\"staff-item format-image\">\n                                        <div class=\"grid-item-content\">\n                        <h3>Mathilda Villani<\/h3>\n                        <span class=\"meta-data\">Events Manager<\/span>                        <ul class=\"social-icons-colored\"><li class=\"email\"><a href=\"mailto:m.villani@leboisducazier.be\"><i class=\"fa fa-envelope\"><\/i><\/a><\/li><\/ul>                                            <\/div>\n                <\/div>\n            <\/li>\n        \n\t\t            <!-- STAFF ITEM -->\n            <li class=\"item\">                <div class=\"staff-item format-image\">\n                                        <div class=\"grid-item-content\">\n                        <h3>Etienne Goethyn<\/h3>\n                        <span class=\"meta-data\">Tour and Group Booking Coordinator<\/span>                        <ul class=\"social-icons-colored\"><li class=\"email\"><a href=\"mailto:e.goethyn@leboisducazier.be\"><i class=\"fa fa-envelope\"><\/i><\/a><\/li><\/ul>                                            <\/div>\n                <\/div>\n            <\/li>\n        \n\t\t            <!-- STAFF ITEM -->\n            <li class=\"item\">                <div class=\"staff-item format-image\">\n                                        <div class=\"grid-item-content\">\n                        <h3>Sabrina De Micheli<\/h3>\n                        <span class=\"meta-data\">Accountant<\/span>                        <ul class=\"social-icons-colored\"><li class=\"email\"><a href=\"mailto:compta@leboisducazier.be\"><i class=\"fa fa-envelope\"><\/i><\/a><\/li><\/ul>                                            <\/div>\n                <\/div>\n            <\/li>\n        \n\t\t\t\t<\/ul>\n\t<\/div>\n<\/div><\/div><\/div><\/div><\/div>","protected":false},"excerpt":{"rendered":"<p>THE NON-PROFIT ORGANIZATIONThe Bois du CazierThe year 2012 \u2014 and the recognition by UNESCO of the Bois du Cazier site\u00a0\u2014 is a tremendous opportunity to launch a new dynamic around the preservation, cultural and touristic value of the coal. It is described in a joint management plan proposed taking 63 actions identified in seven areas of development, citizen participation in scientific research.This recognition is the result of a constructive collaboration work conducted throughout the application by the actors working on the four mining sites in synergy with the Walloon Region and the Walloon Heritage Institute. However, it is only a stage in the form of challenge in the mission of conservation and development in which their managers are committed and all the operators concerned, in particular the General Commission for Tourism for the Bois du Cazier.Not only the entry expands the reputation of the site internationally, but it shows the Walloons themselves, and the government, the importance of this heritage which must highlight and animate especially by giving means necessary. If this recognition is an end in itself, it is mainly a starting point for an investment of time and energy on behalf of our entire team.<\/p>\n","protected":false},"author":1,"featured_media":0,"parent":0,"menu_order":145,"comment_status":"closed","ping_status":"closed","template":"","meta":{"_monsterinsights_skip_tracking":false,"_monsterinsights_sitenote_active":false,"_monsterinsights_sitenote_note":"","_monsterinsights_sitenote_category":0,"footnotes":""},"class_list":["post-3968","page","type-page","status-publish","hentry"],"yoast_head":"<!-- This site is optimized with the Yoast SEO plugin v27.4 - https:\/\/yoast.com\/product\/yoast-seo-wordpress\/ -->\n<title>The NPO - Le Bois du Cazier<\/title>\n<meta name=\"robots\" content=\"index, follow, max-snippet:-1, max-image-preview:large, max-video-preview:-1\" \/>\n<link rel=\"canonical\" href=\"https:\/\/www.leboisducazier.be\/en\/npo\/\" \/>\n<meta property=\"og:locale\" content=\"en_US\" \/>\n<meta property=\"og:type\" content=\"article\" \/>\n<meta property=\"og:title\" content=\"The NPO - Le Bois du Cazier\" \/>\n<meta property=\"og:description\" content=\"THE NON-PROFIT ORGANIZATIONThe Bois du CazierThe year 2012 \u2014 and the recognition by UNESCO of the Bois du Cazier site\u00a0\u2014 is a tremendous opportunity to launch a new dynamic around the preservation, cultural and touristic value of the coal. It is described in a joint management plan proposed taking 63 actions identified in seven areas of development, citizen participation in scientific research.This recognition is the result of a constructive collaboration work conducted throughout the application by the actors working on the four mining sites in synergy with the Walloon Region and the Walloon Heritage Institute. However, it is only a stage in the form of challenge in the mission of conservation and development in which their managers are committed and all the operators concerned, in particular the General Commission for Tourism for the Bois du Cazier.Not only the entry expands the reputation of the site internationally, but it shows the Walloons themselves, and the government, the importance of this heritage which must highlight and animate especially by giving means necessary. If this recognition is an end in itself, it is mainly a starting point for an investment of time and energy on behalf of our entire team.\" \/>\n<meta property=\"og:url\" content=\"https:\/\/www.leboisducazier.be\/en\/npo\/\" \/>\n<meta property=\"og:site_name\" content=\"Le Bois du Cazier\" \/>\n<meta property=\"article:modified_time\" content=\"2016-04-27T07:56:46+00:00\" \/>\n<meta property=\"og:image\" content=\"http:\/\/www.leboisducazier.be\/wp-content\/uploads\/2016\/03\/delaet-1-600x400.jpg\" \/>\n<meta name=\"twitter:card\" content=\"summary_large_image\" \/>\n<meta name=\"twitter:label1\" content=\"Est. reading time\" \/>\n\t<meta name=\"twitter:data1\" content=\"1 minute\" \/>\n<script type=\"application\/ld+json\" class=\"yoast-schema-graph\">{\"@context\":\"https:\\\/\\\/schema.org\",\"@graph\":[{\"@type\":\"WebPage\",\"@id\":\"https:\\\/\\\/www.leboisducazier.be\\\/en\\\/npo\\\/\",\"url\":\"https:\\\/\\\/www.leboisducazier.be\\\/en\\\/npo\\\/\",\"name\":\"The NPO - Le Bois du Cazier\",\"isPartOf\":{\"@id\":\"https:\\\/\\\/www.leboisducazier.be\\\/#website\"},\"primaryImageOfPage\":{\"@id\":\"https:\\\/\\\/www.leboisducazier.be\\\/en\\\/npo\\\/#primaryimage\"},\"image\":{\"@id\":\"https:\\\/\\\/www.leboisducazier.be\\\/en\\\/npo\\\/#primaryimage\"},\"thumbnailUrl\":\"http:\\\/\\\/www.leboisducazier.be\\\/wp-content\\\/uploads\\\/2016\\\/03\\\/delaet-1-600x400.jpg\",\"datePublished\":\"2016-03-02T08:18:04+00:00\",\"dateModified\":\"2016-04-27T07:56:46+00:00\",\"breadcrumb\":{\"@id\":\"https:\\\/\\\/www.leboisducazier.be\\\/en\\\/npo\\\/#breadcrumb\"},\"inLanguage\":\"en-US\",\"potentialAction\":[{\"@type\":\"ReadAction\",\"target\":[\"https:\\\/\\\/www.leboisducazier.be\\\/en\\\/npo\\\/\"]}]},{\"@type\":\"ImageObject\",\"inLanguage\":\"en-US\",\"@id\":\"https:\\\/\\\/www.leboisducazier.be\\\/en\\\/npo\\\/#primaryimage\",\"url\":\"http:\\\/\\\/www.leboisducazier.be\\\/wp-content\\\/uploads\\\/2016\\\/03\\\/delaet-1-600x400.jpg\",\"contentUrl\":\"http:\\\/\\\/www.leboisducazier.be\\\/wp-content\\\/uploads\\\/2016\\\/03\\\/delaet-1-600x400.jpg\"},{\"@type\":\"BreadcrumbList\",\"@id\":\"https:\\\/\\\/www.leboisducazier.be\\\/en\\\/npo\\\/#breadcrumb\",\"itemListElement\":[{\"@type\":\"ListItem\",\"position\":1,\"name\":\"Accueil\",\"item\":\"https:\\\/\\\/www.leboisducazier.be\\\/en\\\/\"},{\"@type\":\"ListItem\",\"position\":2,\"name\":\"The NPO\"}]},{\"@type\":\"WebSite\",\"@id\":\"https:\\\/\\\/www.leboisducazier.be\\\/#website\",\"url\":\"https:\\\/\\\/www.leboisducazier.be\\\/\",\"name\":\"Le Bois du Cazier\",\"description\":\"La conscience d&#039;une m\u00e9moire\",\"publisher\":{\"@id\":\"https:\\\/\\\/www.leboisducazier.be\\\/#organization\"},\"potentialAction\":[{\"@type\":\"SearchAction\",\"target\":{\"@type\":\"EntryPoint\",\"urlTemplate\":\"https:\\\/\\\/www.leboisducazier.be\\\/?s={search_term_string}\"},\"query-input\":{\"@type\":\"PropertyValueSpecification\",\"valueRequired\":true,\"valueName\":\"search_term_string\"}}],\"inLanguage\":\"en-US\"},{\"@type\":\"Organization\",\"@id\":\"https:\\\/\\\/www.leboisducazier.be\\\/#organization\",\"name\":\"Le Bois du Cazier\",\"url\":\"https:\\\/\\\/www.leboisducazier.be\\\/\",\"logo\":{\"@type\":\"ImageObject\",\"inLanguage\":\"en-US\",\"@id\":\"https:\\\/\\\/www.leboisducazier.be\\\/#\\\/schema\\\/logo\\\/image\\\/\",\"url\":\"https:\\\/\\\/www.leboisducazier.be\\\/wp-content\\\/uploads\\\/2024\\\/04\\\/logo-2024-bdc-gris-orange-positif_page-0001.jpg\",\"contentUrl\":\"https:\\\/\\\/www.leboisducazier.be\\\/wp-content\\\/uploads\\\/2024\\\/04\\\/logo-2024-bdc-gris-orange-positif_page-0001.jpg\",\"width\":508,\"height\":436,\"caption\":\"Le Bois du Cazier\"},\"image\":{\"@id\":\"https:\\\/\\\/www.leboisducazier.be\\\/#\\\/schema\\\/logo\\\/image\\\/\"}}]}<\/script>\n<!-- \/ Yoast SEO plugin. -->","yoast_head_json":{"title":"The NPO - Le Bois du Cazier","robots":{"index":"index","follow":"follow","max-snippet":"max-snippet:-1","max-image-preview":"max-image-preview:large","max-video-preview":"max-video-preview:-1"},"canonical":"https:\/\/www.leboisducazier.be\/en\/npo\/","og_locale":"en_US","og_type":"article","og_title":"The NPO - Le Bois du Cazier","og_description":"THE NON-PROFIT ORGANIZATIONThe Bois du CazierThe year 2012 \u2014 and the recognition by UNESCO of the Bois du Cazier site\u00a0\u2014 is a tremendous opportunity to launch a new dynamic around the preservation, cultural and touristic value of the coal. It is described in a joint management plan proposed taking 63 actions identified in seven areas of development, citizen participation in scientific research.This recognition is the result of a constructive collaboration work conducted throughout the application by the actors working on the four mining sites in synergy with the Walloon Region and the Walloon Heritage Institute. However, it is only a stage in the form of challenge in the mission of conservation and development in which their managers are committed and all the operators concerned, in particular the General Commission for Tourism for the Bois du Cazier.Not only the entry expands the reputation of the site internationally, but it shows the Walloons themselves, and the government, the importance of this heritage which must highlight and animate especially by giving means necessary. If this recognition is an end in itself, it is mainly a starting point for an investment of time and energy on behalf of our entire team.","og_url":"https:\/\/www.leboisducazier.be\/en\/npo\/","og_site_name":"Le Bois du Cazier","article_modified_time":"2016-04-27T07:56:46+00:00","og_image":[{"url":"http:\/\/www.leboisducazier.be\/wp-content\/uploads\/2016\/03\/delaet-1-600x400.jpg","type":"","width":"","height":""}],"twitter_card":"summary_large_image","twitter_misc":{"Est. reading time":"1 minute"},"schema":{"@context":"https:\/\/schema.org","@graph":[{"@type":"WebPage","@id":"https:\/\/www.leboisducazier.be\/en\/npo\/","url":"https:\/\/www.leboisducazier.be\/en\/npo\/","name":"The NPO - Le Bois du Cazier","isPartOf":{"@id":"https:\/\/www.leboisducazier.be\/#website"},"primaryImageOfPage":{"@id":"https:\/\/www.leboisducazier.be\/en\/npo\/#primaryimage"},"image":{"@id":"https:\/\/www.leboisducazier.be\/en\/npo\/#primaryimage"},"thumbnailUrl":"http:\/\/www.leboisducazier.be\/wp-content\/uploads\/2016\/03\/delaet-1-600x400.jpg","datePublished":"2016-03-02T08:18:04+00:00","dateModified":"2016-04-27T07:56:46+00:00","breadcrumb":{"@id":"https:\/\/www.leboisducazier.be\/en\/npo\/#breadcrumb"},"inLanguage":"en-US","potentialAction":[{"@type":"ReadAction","target":["https:\/\/www.leboisducazier.be\/en\/npo\/"]}]},{"@type":"ImageObject","inLanguage":"en-US","@id":"https:\/\/www.leboisducazier.be\/en\/npo\/#primaryimage","url":"http:\/\/www.leboisducazier.be\/wp-content\/uploads\/2016\/03\/delaet-1-600x400.jpg","contentUrl":"http:\/\/www.leboisducazier.be\/wp-content\/uploads\/2016\/03\/delaet-1-600x400.jpg"},{"@type":"BreadcrumbList","@id":"https:\/\/www.leboisducazier.be\/en\/npo\/#breadcrumb","itemListElement":[{"@type":"ListItem","position":1,"name":"Accueil","item":"https:\/\/www.leboisducazier.be\/en\/"},{"@type":"ListItem","position":2,"name":"The NPO"}]},{"@type":"WebSite","@id":"https:\/\/www.leboisducazier.be\/#website","url":"https:\/\/www.leboisducazier.be\/","name":"Le Bois du Cazier","description":"La conscience d&#039;une m\u00e9moire","publisher":{"@id":"https:\/\/www.leboisducazier.be\/#organization"},"potentialAction":[{"@type":"SearchAction","target":{"@type":"EntryPoint","urlTemplate":"https:\/\/www.leboisducazier.be\/?s={search_term_string}"},"query-input":{"@type":"PropertyValueSpecification","valueRequired":true,"valueName":"search_term_string"}}],"inLanguage":"en-US"},{"@type":"Organization","@id":"https:\/\/www.leboisducazier.be\/#organization","name":"Le Bois du Cazier","url":"https:\/\/www.leboisducazier.be\/","logo":{"@type":"ImageObject","inLanguage":"en-US","@id":"https:\/\/www.leboisducazier.be\/#\/schema\/logo\/image\/","url":"https:\/\/www.leboisducazier.be\/wp-content\/uploads\/2024\/04\/logo-2024-bdc-gris-orange-positif_page-0001.jpg","contentUrl":"https:\/\/www.leboisducazier.be\/wp-content\/uploads\/2024\/04\/logo-2024-bdc-gris-orange-positif_page-0001.jpg","width":508,"height":436,"caption":"Le Bois du Cazier"},"image":{"@id":"https:\/\/www.leboisducazier.be\/#\/schema\/logo\/image\/"}}]}},"amp_enabled":true,"_links":{"self":[{"href":"https:\/\/www.leboisducazier.be\/en\/wp-json\/wp\/v2\/pages\/3968","targetHints":{"allow":["GET"]}}],"collection":[{"href":"https:\/\/www.leboisducazier.be\/en\/wp-json\/wp\/v2\/pages"}],"about":[{"href":"https:\/\/www.leboisducazier.be\/en\/wp-json\/wp\/v2\/types\/page"}],"author":[{"embeddable":true,"href":"https:\/\/www.leboisducazier.be\/en\/wp-json\/wp\/v2\/users\/1"}],"replies":[{"embeddable":true,"href":"https:\/\/www.leboisducazier.be\/en\/wp-json\/wp\/v2\/comments?post=3968"}],"version-history":[{"count":0,"href":"https:\/\/www.leboisducazier.be\/en\/wp-json\/wp\/v2\/pages\/3968\/revisions"}],"wp:attachment":[{"href":"https:\/\/www.leboisducazier.be\/en\/wp-json\/wp\/v2\/media?parent=3968"}],"curies":[{"name":"wp","href":"https:\/\/api.w.org\/{rel}","templated":true}]}}