{"id":122671,"date":"2024-05-23T09:46:26","date_gmt":"2024-05-23T09:46:26","guid":{"rendered":"https:\/\/www.leboisducazier.be\/nl\/?page_id=122671"},"modified":"2024-05-23T11:41:37","modified_gmt":"2024-05-23T11:41:37","slug":"8-augustus-1956","status":"publish","type":"page","link":"https:\/\/www.leboisducazier.be\/nl\/8-augustus-1956\/","title":{"rendered":"8 augustus 1956"},"content":{"rendered":"<div id=\"pl-122671\"  class=\"panel-layout\" ><div id=\"pg-122671-0\"  class=\"panel-grid panel-no-style\" ><div id=\"pgc-122671-0-0\"  class=\"panel-grid-cell\" ><div id=\"panel-122671-0-0-0\" class=\"so-panel widget widget_sow-headline panel-first-child panel-last-child\" data-index=\"0\" ><div\n\t\t\t\n\t\t\tclass=\"so-widget-sow-headline so-widget-sow-headline-default-861e87c76c6f-122671\"\n\t\t\t\n\t\t><div class=\"sow-headline-container \">\n\t\t\t\t\t\t\t<h1 class=\"sow-headline\">\n\t\t\t\t\t\t8 AUGUSTUS 1956\t\t\t\t\t\t<\/h1>\n\t\t\t\t\t\t<\/div>\n<\/div><\/div><\/div><div id=\"pgc-122671-0-1\"  class=\"panel-grid-cell\" ><div id=\"panel-122671-0-1-0\" class=\"so-panel widget widget_sow-editor panel-first-child panel-last-child\" data-index=\"1\" ><div\n\t\t\t\n\t\t\tclass=\"so-widget-sow-editor so-widget-sow-editor-base\"\n\t\t\t\n\t\t>\n<div class=\"siteorigin-widget-tinymce textwidget\">\n\t<p>8 augustus 1956 leek een dag als alle andere te worden... Die ochtend daalden 275 mannen af in de diepten van de ondergrondse die ze zo goed kenden om naar hun werkplek te gaan. Het was om 8.10 uur 's ochtends dat het drama zich voltrok: na een misverstand met de ondergrondse raakte een arbeider op min 975 meter op een ongelegen moment een karretje dat een lege wagon naar de andere kant moest duwen. Tot overmaat van ramp kwam de wagon er niet helemaal uit, geblokkeerd door een defecte stopper.<\/p>\n<p>Toen de kooi op gang kwam, bleef een van de twee overhangende wagons haken aan een balk. Dit werd een echte stormram die ernstige schade veroorzaakte aan een olieleiding, twee hoogspanningskabels beschadigde en een persluchtleiding scheurde. Elektrische vlambogen ontstaken de oliespray. Het vuur, dat werd geactiveerd door de perslucht en de werking van de oppervlakteventilator, werd aangewakkerd door de nabijgelegen houten bekisting, balken en geleiders. Het vuur verspreidde zich snel door de mijn. Wat een eenvoudig incident met kooien was geweest, was ontaard in een echte catastrofe.<\/p>\n<\/div>\n<\/div><\/div><\/div><\/div><div id=\"pg-122671-1\"  class=\"panel-grid panel-has-style\" ><div class=\"siteorigin-panels-stretch panel-row-style panel-row-style-for-122671-1\" data-stretch-type=\"full\" ><div id=\"pgc-122671-1-0\"  class=\"panel-grid-cell\" ><div id=\"panel-122671-1-0-0\" class=\"so-panel widget widget_sow-headline panel-first-child panel-last-child\" data-index=\"2\" ><div class=\"panel-widget-style panel-widget-style-for-122671-1-0-0\" ><div\n\t\t\t\n\t\t\tclass=\"so-widget-sow-headline so-widget-sow-headline-default-9622af9c71ce-122671\"\n\t\t\t\n\t\t><div class=\"sow-headline-container \">\n\t\t\t\t\t\t\t<h3 class=\"sow-sub-headline\">\n\t\t\t\t\t\tHelaas is deze afzuigschacht ook de luchtinlaatschacht. Een smerige atmosfeer, vol rook en koolmonoxide, verspreidde zich door alle gangen die het ventilatiecircuit volgden. De dodelijke val is zojuist gesloten...\t\t\t\t\t\t<\/h3>\n\t\t\t\t\t\t<\/div>\n<\/div><\/div><\/div><\/div><\/div><\/div><div id=\"pg-122671-2\"  class=\"panel-grid panel-no-style\" ><div id=\"pgc-122671-2-0\"  class=\"panel-grid-cell\" ><div id=\"panel-122671-2-0-0\" class=\"so-panel widget widget_spacer-widget panel-first-child\" data-index=\"3\" ><div\n\t\t\t\n\t\t\tclass=\"so-widget-spacer-widget so-widget-spacer-widget-base\"\n\t\t\t\n\t\t>\n<div class=\"clearfix\" style=\"height:30px\"><\/div><\/div><\/div><div id=\"panel-122671-2-0-1\" class=\"so-panel widget widget_sow-headline panel-last-child\" data-index=\"4\" ><div\n\t\t\t\n\t\t\tclass=\"so-widget-sow-headline so-widget-sow-headline-default-861e87c76c6f-122671\"\n\t\t\t\n\t\t><div class=\"sow-headline-container \">\n\t\t\t\t\t\t\t<h1 class=\"sow-headline\">\n\t\t\t\t\t\tMINUUT VOOR MINUUT\t\t\t\t\t\t<\/h1>\n\t\t\t\t\t\t<\/div>\n<\/div><\/div><\/div><div id=\"pgc-122671-2-1\"  class=\"panel-grid-cell\" ><div id=\"panel-122671-2-1-0\" class=\"so-panel widget widget_spacer-widget panel-first-child\" data-index=\"5\" ><div\n\t\t\t\n\t\t\tclass=\"so-widget-spacer-widget so-widget-spacer-widget-base\"\n\t\t\t\n\t\t>\n<div class=\"clearfix\" style=\"height:30px\"><\/div><\/div><\/div><div id=\"panel-122671-2-1-1\" class=\"so-panel widget widget_sow-editor panel-last-child\" data-index=\"6\" ><div\n\t\t\t\n\t\t\tclass=\"so-widget-sow-editor so-widget-sow-editor-base\"\n\t\t\t\n\t\t>\n<div class=\"siteorigin-widget-tinymce textwidget\">\n\t<p>Enkele minuten later wisten zeven arbeiders, waaronder de onfortuinlijke ankerman van 975, naar boven te komen, vergezeld van de eerste dichte zwarte rook die de tragedie aankondigde. Ondanks talloze riskante pogingen, dappere daden en de inzet van alle reddingsmiddelen, werden in de namiddag van 8 augustus slechts zes overlevenden uit het inferno gehaald.<\/p>\n<p>De ramp veroorzaakte een ongekende golf van emotie en solidariteit in binnen- en buitenland. Twee weken lang brachten de geschreven pers, de radio en de ontluikende televisie verslag uit van de reddingsoperaties die werden uitgevoerd met de hulp van het Centraal Reddingsstation van Houill\u00e8res du Nord-Pas-de-Calais en het Reddingscentrum van Essen in het Ruhrgebied. Er was nog enige hoop bij de gezinnen, vooral bij de vrouwen, moeders en kinderen die zich wanhopig vastklampten aan de poorten van de kolenmijn. Op 23 augustus was het oordeel van de reddingswerkers, die eindelijk voet aan de grond hadden gekregen op 1035 meter hoogte, duidelijk: \"Tutti cadaveri\"...<\/p>\n<\/div>\n<\/div><\/div><\/div><\/div><div id=\"pg-122671-3\"  class=\"panel-grid panel-no-style\" ><div id=\"pgc-122671-3-0\"  class=\"panel-grid-cell\" ><div id=\"panel-122671-3-0-0\" class=\"so-panel widget widget_sow-headline panel-first-child\" data-index=\"7\" ><div\n\t\t\t\n\t\t\tclass=\"so-widget-sow-headline so-widget-sow-headline-default-00f426420c20-122671\"\n\t\t\t\n\t\t><div class=\"sow-headline-container \">\n\t\t\t\t\t\t<div class=\"decoration\">\n\t\t\t\t\t\t<div class=\"decoration-inside\"><\/div>\n\t\t\t\t\t<\/div>\n\t\t\t\t\t<\/div>\n<\/div><\/div><div id=\"panel-122671-3-0-1\" class=\"so-panel widget widget_sow-headline\" data-index=\"8\" ><div\n\t\t\t\n\t\t\tclass=\"so-widget-sow-headline so-widget-sow-headline-default-861e87c76c6f-122671\"\n\t\t\t\n\t\t><div class=\"sow-headline-container \">\n\t\t\t\t\t\t\t<h1 class=\"sow-headline\">\n\t\t\t\t\t\tPHOTOS\t\t\t\t\t\t<\/h1>\n\t\t\t\t\t\t<\/div>\n<\/div><\/div><div id=\"panel-122671-3-0-2\" class=\"so-panel widget widget_sow-slider\" data-index=\"9\" ><div\n\t\t\t\n\t\t\tclass=\"so-widget-sow-slider so-widget-sow-slider-default-6d39609536fd-122671\"\n\t\t\t\n\t\t>\t\t\t\t<div class=\"sow-slider-base\" style=\"display: none\" tabindex=\"0\">\n\t\t\t\t\t<ul\n\t\t\t\t\tclass=\"sow-slider-images\"\n\t\t\t\t\tdata-settings=\"{&quot;pagination&quot;:true,&quot;speed&quot;:1000,&quot;timeout&quot;:1000,&quot;paused&quot;:false,&quot;pause_on_hover&quot;:false,&quot;swipe&quot;:true,&quot;nav_always_show_desktop&quot;:&quot;&quot;,&quot;nav_always_show_mobile&quot;:&quot;&quot;,&quot;breakpoint&quot;:&quot;780px&quot;,&quot;unmute&quot;:false,&quot;anchor&quot;:null}\"\n\t\t\t\t\t\t\t\t\t\tdata-anchor-id=\"\"\n\t\t\t\t>\t\t<li class=\"sow-slider-image\" style=\"visibility: visible;\" >\n\t\t\t\t\t\t<div class=\"sow-slider-image-container\">\n\t\t\t\t<div class=\"sow-slider-image-wrapper\" style=\"max-width: 910px\">\n\t\t\t\t\t\t\t\t\t\t<div class=\"sow-slider-image-foreground-wrapper\">\n\t\t\t\t\t\t<img loading=\"lazy\" decoding=\"async\" width=\"910\" height=\"242\" src=\"https:\/\/www.leboisducazier.be\/wp-content\/uploads\/2020\/06\/header08.jpg\" class=\"sow-slider-foreground-image\" alt=\"Fun\u00e9railles des mineurs\" style=\"\" srcset=\"https:\/\/www.leboisducazier.be\/wp-content\/uploads\/2020\/06\/header08.jpg 910w, https:\/\/www.leboisducazier.be\/wp-content\/uploads\/2020\/06\/header08-600x160.jpg 600w\"  sizes=\"(max-width: 910px) 100vw, 910px\" \/>\t\t\t\t\t<\/div>\n\t\t\t\t\t\t\t\t\t<\/div>\n\t\t\t<\/div>\n\t\t\t\t\t<\/li>\n\t\t\t\t<li class=\"sow-slider-image\" style=\"visibility: hidden;\" >\n\t\t\t\t\t\t<div class=\"sow-slider-image-container\">\n\t\t\t\t<div class=\"sow-slider-image-wrapper\" style=\"max-width: 1240px\">\n\t\t\t\t\t\t\t\t\t\t<div class=\"sow-slider-image-foreground-wrapper\">\n\t\t\t\t\t\t<img loading=\"lazy\" decoding=\"async\" width=\"1240\" height=\"800\" src=\"https:\/\/www.leboisducazier.be\/wp-content\/uploads\/2020\/06\/3620e3c3d7eebe747d57ba86acc55e7f-1470408496.jpg\" class=\"sow-slider-foreground-image\" alt=\"Mine effondr\u00e9e\" style=\"\" srcset=\"https:\/\/www.leboisducazier.be\/wp-content\/uploads\/2020\/06\/3620e3c3d7eebe747d57ba86acc55e7f-1470408496.jpg 1240w, https:\/\/www.leboisducazier.be\/wp-content\/uploads\/2020\/06\/3620e3c3d7eebe747d57ba86acc55e7f-1470408496-600x387.jpg 600w\"  sizes=\"(max-width: 1240px) 100vw, 1240px\" \/>\t\t\t\t\t<\/div>\n\t\t\t\t\t\t\t\t\t<\/div>\n\t\t\t<\/div>\n\t\t\t\t\t<\/li>\n\t\t\t\t<li class=\"sow-slider-image\" style=\"visibility: hidden;\" >\n\t\t\t\t\t\t<div class=\"sow-slider-image-container\">\n\t\t\t\t<div class=\"sow-slider-image-wrapper\" style=\"max-width: 910px\">\n\t\t\t\t\t\t\t\t\t\t<div class=\"sow-slider-image-foreground-wrapper\">\n\t\t\t\t\t\t<img loading=\"lazy\" decoding=\"async\" width=\"910\" height=\"669\" src=\"https:\/\/www.leboisducazier.be\/wp-content\/uploads\/2020\/06\/B979341677Z.1_20160801205125_000G4R7AU6V8.1-0.jpg\" class=\"sow-slider-foreground-image\" alt=\"Mineurs avec leurs casques et masques\" style=\"\" srcset=\"https:\/\/www.leboisducazier.be\/wp-content\/uploads\/2020\/06\/B979341677Z.1_20160801205125_000G4R7AU6V8.1-0.jpg 910w, https:\/\/www.leboisducazier.be\/wp-content\/uploads\/2020\/06\/B979341677Z.1_20160801205125_000G4R7AU6V8.1-0-600x441.jpg 600w\"  sizes=\"(max-width: 910px) 100vw, 910px\" \/>\t\t\t\t\t<\/div>\n\t\t\t\t\t\t\t\t\t<\/div>\n\t\t\t<\/div>\n\t\t\t\t\t<\/li>\n\t\t\t\t<li class=\"sow-slider-image\" style=\"visibility: hidden;\" >\n\t\t\t\t\t\t<div class=\"sow-slider-image-container\">\n\t\t\t\t<div class=\"sow-slider-image-wrapper\" style=\"max-width: 1240px\">\n\t\t\t\t\t\t\t\t\t\t<div class=\"sow-slider-image-foreground-wrapper\">\n\t\t\t\t\t\t<img loading=\"lazy\" decoding=\"async\" width=\"1240\" height=\"800\" src=\"https:\/\/www.leboisducazier.be\/wp-content\/uploads\/2020\/06\/cc3d1ebde42a236f46a1d3968eaeac37-1470408419-1.jpg\" class=\"sow-slider-foreground-image\" alt=\"Famille et amis en attente devant les grilles\" style=\"\" srcset=\"https:\/\/www.leboisducazier.be\/wp-content\/uploads\/2020\/06\/cc3d1ebde42a236f46a1d3968eaeac37-1470408419-1.jpg 1240w, https:\/\/www.leboisducazier.be\/wp-content\/uploads\/2020\/06\/cc3d1ebde42a236f46a1d3968eaeac37-1470408419-1-600x387.jpg 600w\"  sizes=\"(max-width: 1240px) 100vw, 1240px\" \/>\t\t\t\t\t<\/div>\n\t\t\t\t\t\t\t\t\t<\/div>\n\t\t\t<\/div>\n\t\t\t\t\t<\/li>\n\t\t<\/ul>\t\t\t\t<ol class=\"sow-slider-pagination\">\n\t\t\t\t\t\t\t\t\t\t\t<li><a href=\"#\" data-goto=\"0\" aria-label=\"Display slide 1\"><\/a><\/li>\n\t\t\t\t\t\t\t\t\t\t\t<li><a href=\"#\" data-goto=\"1\" aria-label=\"Display slide 2\"><\/a><\/li>\n\t\t\t\t\t\t\t\t\t\t\t<li><a href=\"#\" data-goto=\"2\" aria-label=\"Display slide 3\"><\/a><\/li>\n\t\t\t\t\t\t\t\t\t\t\t<li><a href=\"#\" data-goto=\"3\" aria-label=\"Display slide 4\"><\/a><\/li>\n\t\t\t\t\t\t\t\t\t<\/ol>\n\n\t\t\t\t<div class=\"sow-slide-nav sow-slide-nav-next\">\n\t\t\t\t\t<a href=\"#\" data-goto=\"next\" aria-label=\"Next slide\" data-action=\"next\">\n\t\t\t\t\t\t<em class=\"sow-sld-icon-thin-right\"><\/em>\n\t\t\t\t\t<\/a>\n\t\t\t\t<\/div>\n\n\t\t\t\t<div class=\"sow-slide-nav sow-slide-nav-prev\">\n\t\t\t\t\t<a href=\"#\" data-goto=\"previous\" aria-label=\"Previous slide\" data-action=\"prev\">\n\t\t\t\t\t\t<em class=\"sow-sld-icon-thin-left\"><\/em>\n\t\t\t\t\t<\/a>\n\t\t\t\t<\/div>\n\t\t\t\t<\/div><\/div><\/div><div id=\"panel-122671-3-0-3\" class=\"so-panel widget widget_sow-headline panel-last-child\" data-index=\"10\" ><div\n\t\t\t\n\t\t\tclass=\"so-widget-sow-headline so-widget-sow-headline-default-00f426420c20-122671\"\n\t\t\t\n\t\t><div class=\"sow-headline-container \">\n\t\t\t\t\t\t<div class=\"decoration\">\n\t\t\t\t\t\t<div class=\"decoration-inside\"><\/div>\n\t\t\t\t\t<\/div>\n\t\t\t\t\t<\/div>\n<\/div><\/div><\/div><\/div><div id=\"pg-122671-4\"  class=\"panel-grid panel-no-style\" ><div id=\"pgc-122671-4-0\"  class=\"panel-grid-cell\" ><div id=\"panel-122671-4-0-0\" class=\"so-panel widget widget_sow-headline panel-first-child\" data-index=\"11\" ><div\n\t\t\t\n\t\t\tclass=\"so-widget-sow-headline so-widget-sow-headline-default-ce7a1445c88d-122671\"\n\t\t\t\n\t\t><div class=\"sow-headline-container \">\n\t\t\t\t\t\t\t<h1 class=\"sow-headline\">\n\t\t\t\t\t\tLISTE COMPL\u00c8TE DES VICTIMES\t\t\t\t\t\t<\/h1>\n\t\t\t\t\t\t<\/div>\n<\/div><\/div><div id=\"panel-122671-4-0-1\" class=\"so-panel widget widget_sow-button panel-last-child\" data-index=\"12\" ><div\n\t\t\t\n\t\t\tclass=\"so-widget-sow-button so-widget-sow-button-wire-77ee360a4998-122671\"\n\t\t\t\n\t\t><div class=\"ow-button-base ow-button-align-center\"\n>\n\t\t\t<a\n\t\t\t\t\thref=\"#\"\n\t\t\t\t\tclass=\"sowb-button ow-icon-placement-left\" \t>\n\t\t<span>\n\t\t\t\n\t\t\tRECHERCHE RAPIDE : CTRL+F\t\t<\/span>\n\t\t\t<\/a>\n\t<\/div>\n<\/div><\/div><\/div><div id=\"pgc-122671-4-1\"  class=\"panel-grid-cell\" ><div id=\"panel-122671-4-1-0\" class=\"so-panel widget widget_sow-editor panel-first-child panel-last-child\" data-index=\"13\" ><div\n\t\t\t\n\t\t\tclass=\"so-widget-sow-editor so-widget-sow-editor-base\"\n\t\t\t\n\t\t>\n<div class=\"siteorigin-widget-tinymce textwidget\">\n\t<p>ACKX Jozef, Heist-op-den-Berg (Province d\u2019Anvers) - Belge<br \/>AERTS Ferdinand, Betekom (Province du Brabant flamand) - Belge<br \/>ALLARD Fran\u00e7ois, Taintignies (Province de Hainaut) - Belge<br \/>AMMAZZALORSO, Raffaele, Farindola (Abruzzes, Province de Pescara) - Italien<br \/>ANNO Maurice, Mater (Province de Flandre orientale) - Belge<br \/>ANTONINI Sisto, Monteciccardo (Marches, Province de Pesaro et Urbino)- Italien<br \/>BAIO Carmelo, Montaperto (Sicile, Province d\u2019Agrigente) - Italien<br \/>BASSO Pietro, Fiume Veneto (Frioul-V\u00e9n\u00e9tie Julienne, Province de Pordenone) - Italien<br \/>BATTOCOLO Rodolfo, Anc\u00f4ne (Marches, Province d\u2019Anc\u00f4ne) - Italien<br \/>BAUMANS Jozef, Betekom (Province du Brabant flamand) - Belge<br \/>BELAMRI Amar, Bordj-Bou-Arr\u00e9ridj - Alg\u00e9rien<br \/>BENZONI Assunto, Cerete (Lombardie, Province de Bergame) - Italien<br \/>BERNARD Napol\u00e9on, Marcinelle (Province de Hainaut) - Belge<br \/>BIANCONI Giovanni, Novafeltria (Marches, Province de Pesaro et Urbino) - Italien<br \/>BIDLOT Louis, Bruxelles - Belge<br \/>BIEDONSKI Henrik, Varsovie - Polonais<br \/>BIENIA Alo\u00efs, Markdorf - Allemand<br \/>BOHEN Eug\u00e8ne, Marcinelle (Province de Hainaut) - Belge<br \/>BOHEN Pierre, Marcinelle (Province de Hainaut) - Belge<br \/>BONTEMPI Giuseppe, Bienno (Lombardie, Province de Brescia) - Italien<br \/>BOURGUIGNON D\u00e9sir\u00e9, Mont-sur-Marchienne (Province de Hainaut) - Belge<br \/>BRICMONT Willy, Nalinnes (Province de Hainaut) - Belge<br \/>BRUNO Pompeo, Racale (Pouilles, Province de Lecce) - Italien<br \/>BUGLIANI Otello, Massa-Carrare (Toscane, Province de Massa-Carrare) - Italien<br \/>BUIATTI Mario, Udine (Frioul-V\u00e9n\u00e9tie Julienne, Province d\u2019Udine) - Italien<br \/>CAES Jozef, Begijnendijk (Province du Brabant flamand) - Belge<br \/>CAILLARD Alphonse, Orl\u00e9ans - Fran\u00e7ais<br \/>CAILLARD Marceau, Marcinelle (Province de Hainaut) - Fran\u00e7ais<br \/>CAMBYLIS Demetre, Astros - Grec<br \/>CAMPISI Sebastiano, Augusta (Sicile, Province de Syracuse) - Italien<br \/>CANZANO Orlando, Turrivalignani (Abruzzes, Province de Pescara) - Italien<br \/>CAPOCCIA Salvatore, Salice (Pouilles, Province de Lecce) Italien<br \/>CASANOVA Guerrino, Montebelluna (V\u00e9n\u00e9tie, Province de Tr\u00e9vise) -Italien<br \/>CASCIATO Felice, Sant\u2019Angelo del Pesco (Molise, Province d\u2019Isernia) - Italien<br \/>CASTELLANI Ruggero, Ronchis (Frioul-V\u00e9n\u00e9tie Julienne, Province d\u2019Udine) - Italien<br \/>CECCOMANCINI Rocco, Turrivalignani (Abruzzes, Province de Pescara) - Italien<br \/>CHMIELA Jozef, Lodz - Polonais<br \/>CICORA Francesco, San Giuliano di Puglia (Molise, Province de Campobasso) - Italien<br \/>CIPIDO Frans, Keerbergen (Province du Brabant flamand) - Belge<br \/>CIRONE Attilio, Farindola (Abruzzes, Province de Pescara) - Italien<br \/>CIRONE Edmondo, Farindola (Abruzzes, Province de Pescara) - Italien<br \/>CLAISE Ernest, Charleroi (Province de Hainaut) - Belge<br \/>CLISSEN Charles, Marcinelle (Province de Hainaut) - Belge<br \/>COLANGELO Attilio, Castelvecchio Subequo (Abruzzes, Province de l\u2019Aquila) - Italien<br \/>COLINET Marcel, Cul-des-Sarts (Province de Namur) - Belge<br \/>COMMEINE Paul, Gilly (Province de Hainaut) - Belge<br \/>CORSO Giuseppe, Montorio (V\u00e9n\u00e9tie, Province de V\u00e9rone) - Italien<br \/>CORVAGLIA Roberto, Racale (Pouilles, Province de Lecce) - Italien<br \/>COUTURE Paul, Monceau-Imbrechies (Province de Hainaut) - Belge<br \/>CUCINELLI Salvatore, Gagliano del Capo (Pouilles, Province de Lecce) - Italien<br \/>D\u2019APOTE Giovanni, Letino (Campanie, Province de Caserte) - Italien<br \/>D\u2019ASTOLFO Donato, Manoppello (Abruzzes, Province de Pescara) - Italien<br \/>DAMIANI Angelo, Farindola (Abruzzes, Province de Pescara) - Italien<br \/>DANISI Antonio, Reggio de Calabre (Calabre, Province de Reggio de Calabre) - Italien<br \/>DASSOGNO Attilio, Berbenno (Lombardie, Province de Bergame) - Italien<br \/>DAUBRESSE Joseph, Marcinelle (Province de Hainaut) - Belge<br \/>DE LUCCA Pancrazio, Manoppello (Abruzzes, Province de Pescara) - Italien<br \/>DE SANTIS Lorenzo, Flaibano (Frioul-V\u00e9n\u00e9tie Julienne, Province d\u2019Udine) - Italien<br \/>DE WINTER Ren\u00e9, Baal (Province du Brabant flamand) - Belge<br \/>DEBLEZER Georges, Marchienne-au-Pont (Province de Hainaut) - Belge<br \/>DEGOGNIES Gilbert, Marcinelle (Province de Hainaut) - Belge<br \/>DEL GUASTA Enrico, Cascina (Toscane, Province de Pise) - Italien<br \/>DEL ROSSO Paolo, Manoppello (Abruzzes, Province de Pescara) - Italien<br \/>DELLA VECCHIA Dino, Sedico (V\u00e9n\u00e9tie, Province de Belluno) - Italien<br \/>DELLI PASSERI Evandro, Elice (Abruzzes, Province de Pescara) - Italien<br \/>DELPORTE Fortun\u00e9, Couillet (Province de Hainaut) - Belge<br \/>DE VRIES Frans, Baal (Province du Brabant flamand) - Belge<br \/>DEZZI Nicola, Macerata (Marches, Province de Macerata) - Italien<br \/>DI BERARDINO Cesare, Turrivalignani (Abruzzes, Province de Pescara) - Italien<br \/>DI BIASE Benito, Manoppello (Abruzzes, Province de Pescara) - Italien<br \/>DI BIASE Donato, Manoppello (Abruzzes, Province de Pescara) - Italien<br \/>DI BIASE Nicola, Lettomanoppello (Abruzzes, Province de Pescara) - Italien<br \/>DI CECCO Bartolomeo, Lettomanoppello (Abruzzes, Province de Pescara) - Italien<br \/>DI DONATO Eligio, Roccascalegna (Abruzzes, Province de Chieti) - Italien<br \/>DI DONATO Santino, Manoppello (Abruzzes, Province de Pescara) - Italien<br \/>DI DONATO Valente, Roccascalegna (Abruzzes, Province de Chieti) - Italien<br \/>DI PIETRANTONIO Antonio, Lettomanoppello (Abruzzes, Province de Pescara) - Italien<br \/>DI PIETRANTONIO Emidio, Lettomanoppello (Abruzzes, Province de Pescara) - Italien<br \/>DI PIETRO Giovanni, Turrivalignani (Abruzzes, Province de Pescara) - Italien<br \/>DI POMPONIO Antonio, Roccascalegna (Abruzzes, Province de Chieti) -Italien<br \/>DI POMPONIO Nicola, Roccascalegna (Abruzzes, Province de Chieti) - Italien<br \/>DI QUILIO Dante, Alanno (Abruzzes, Province de Pescara) - Italien<br \/>DI ROCCO Alfredo, Rosciano (Abruzzes, Province de Pescara) - Italien<br \/>DI ROCCO Rocco, Manoppello (Abruzzes, Province de Pescara) - Italien<br \/>DIONIGI Edo, Colbordolo (Marches, Province de Pesaro et Urbino) - Italien<br \/>DOCLOT Fernand, Mellet (Province de Hainaut) - Belge<br \/>DUBOIS L\u00e9opold, Ham-sur-Heure (Province de Hainaut) - Belge<br \/>DURY G\u00e9rard, Ostende (Province de Flandre occidentale) - Belge<br \/>FELDHAUSEN Marcel, Marcinelle (Province de Hainaut) - Belge<br \/>FELDHAUSEN Roger, Marcinelle (Province de Hainaut) - Belge<br \/>FERRANTE Camillo, Turrivalignani (Abruzzes, Province de Pescara) - Italien<br \/>FERRANTE Orlando, Turrivalignani (Abruzzes, Province de Pescara) - Italien<br \/>FERRANTE Pasquale, Lettomanoppello (Abruzzes, Province de Pescara) - Italien<br \/>FIDANZA Giulio, Farindola (Abruzzes, Province de Pescara) - Italien<br \/>FILIPPI Romano, Fiesole (Toscane, Province de Florence) - Italien<br \/>FOUPOPOULOS Lyberis, Paros - Grec<br \/>FRANS August, Betekom (Province du Brabant flamand - Belge<br \/>GABRIELLI Antonio, Casteldelci (Marches, Province de Pesaro et Urbino) - Italien<br \/>GALAND Albert, Beauwelz (Province de Hainaut) - Belge<br \/>GALLINUCCI Terzo, Mercato Saraceno (\u00c9milie-Romagne, Province de Forli-Cesena) - Italien<br \/>GAWRONSKI Stephan, Irzadze - Polonais<br \/>GERARD Albert, Thy-le-Baudhuin (Province de Namur) - Belge<br \/>GETI Giuseppe, Prignano sulla Secchia (\u00c9milie-Romagne, Province de Mod\u00e8ne) - Italien<br \/>GHERARDINI Lino, (\u00c9milie-Romagne, Province de Mod\u00e8ne) - Italien<br \/>GODART Raymond, Ch\u00e2telet (Province de Hainaut) - Belge<br \/>GONET Anatole, Gosselies (Province de Hainaut) - Belge<br \/>GONET Michel, Charleroi (Province de Hainaut) - Belge<br \/>GONET Willy, Gosselies (Province de Hainaut) - Belge<br \/>GORIS Albert, Baal (Province du Brabant flamand) - Belge<br \/>GORIS Alo\u00efs, Keerbergen (Province du Brabant flamand) - Belge<br \/>GORIS Frans, Gilly (Province de Hainaut) - Belge<br \/>GRANATA Francesco, Ferrazzano (Molise, Province de Campobasso) - Italien<br \/>GRANATA Michele, Ferrazzano (Molise, Province de Campobasso) - Italien<br \/>GRUSS Willy, Glogau - Allemand<br \/>HATZIGEORGIOU Constantin, Kefalos-Kos - Grec<br \/>HANNECART G\u00e9rard, Momignies (Province de Hainaut) - Belge<br \/>HANNECART Joseph, Salles (Province de Hainaut) - Belge<br \/>HANNECART Michel, Beauwelz (Province de Hainaut) - Belge<br \/>HANNECART Roland, Beauwelz (Province de Hainaut) - Belge<br \/>HATZIGIORGIS Emmanuele, Kefalos-Kos - Grec<br \/>HEIRMAN Achille, Gilly (Province de Hainaut) - Belge<br \/>HELLER Reinhold, Aussig - Allemand<br \/>HENDRICKX L\u00e9opold, Uccle (Bruxelles) - Belge<br \/>HOFLINGER Sandor, Fels\u0151galla - Hongrois<br \/>HRABOWSZKY Istvan, Sarkad - Hongrois<br \/>IEZZI Camillo, Manoppello (Abruzzes, Province de Pescara - Italien<br \/>IEZZI Donato, Manoppello (Abruzzes, Province de Pescara - Italien<br \/>IEZZI Orlando, Manoppello (Abruzzes, Province de Pescara - Italien<br \/>IEZZI Rocco, Manoppello (Abruzzes, Province de Pescara - Italien<br \/>IEZZI Vincenzo, Manoppello (Abruzzes, Province de Pescara - Italien<br \/>INDORATO Gaetano, Sommatino (Sicile, Province de Caltanissetta) - Italien<br \/>IWANOW Martin, \u00e0 Baranovitchy - Russe<br \/>JANSSENS Louis (Ferdinand), Rillaar (Province du Brabant flamand) - Belge<br \/>KADDOUR Ali, Fort National - Alg\u00e9rien<br \/>KATSINIS Nicolas, Varnava, Grec<br \/>KESKA Felix, Truina - Polonais<br \/>KOLLER Joseph, Freyming (France) - Allemand<br \/>LABBE Guy, Gerpinnes (Province de Hainaut) - Belge<br \/>LACCHETTA Antonio, Farindola (Abruzzes, Province de Pescara) - Italien<br \/>LACKLAN Urbain, Farciennes (Province de Hainaut) - Belge<br \/>LARIZZA Vito, Laterza (Pouilles, Province de Tarente - Italien<br \/>LEFEVRE Philibert, Marcinelle (Province de Hainaut) - Belge<br \/>LEJEUNE Elie, Marcinelle (Province de Hainaut) - Belge<br \/>LEONARDELLI Primo, Viarago (Trentin-Haut-Adige, Province de Trente) - Italien<br \/>LHOIR Raymond, Charleroi (Province de Hainaut) - Belge<br \/>LIEKENS Marcel, Keerbergen (Province de Brabant) - Belge<br \/>LOUDECHE Fernand, Dampremy (Province de Hainaut) - Belge<br \/>LOUDECHE Georges, Dampremy (Province de Hainaut) - Belge<br \/>LUCIANI Domenico, Casoli (Abruzzes, Province de Chieti) - Italien<br \/>LUYTEN Joannes, Herselt (Province d\u2019Anvers) - Belge<br \/>MAMI Sa\u00efd, Fraten - Alg\u00e9rien<br \/>MARCHAL Arthur, Couillet (Province de Hainaut) - Belge<br \/>MARIQUE Marcel, Froidchapelle (Province de Hainaut) - Belge<br \/>MARTIGNANO Santo, Tuglie (Pouilles, Province de Lecce) - Italien<br \/>MARTINELLI Francesco, Turrivalignani (Abruzzes, Province de Pescara) - Italien<br \/>MARTINELLI Modesto, Turrivalignani (Abruzzes, Province de Pescara) - Italien<br \/>MAZZIERI Adolfo, Pavullo (\u00c9milie-Romagne, Province de Mod\u00e8ne) - Italien<br \/>MERENDA Cosimo, Tuglie (Pouilles, Province de Lecce) - Italien<br \/>MINICHILLI Gabriele, Manoppello (Abruzzes, Province de Pescara) - Italien<br \/>MOLARI Antonio, Sant\u2019Agata Feltria (Marches, Province de Pesaro et Urbino) - Italien<br \/>MOLITERNO Michele, Ferrazzano (Molise, Province de Campobasso) - Italien<br \/>MONARD Gustave, Marcinelle (Province de Hainaut) - Belge<br \/>MUELLER Hans, Liebenau - Allemand<br \/>NARDACCHIONE Pasquale, San Giuliano (Pouilles, Province de Campobasso) - Italien<br \/>NIVAL Robert, Beauwelz (Province de Hainaut) - Belge<br \/>NUBILE Leonino, Turrivalignani (Abruzzes, Province de Pescara) - Italien<br \/>OOSTENS F\u00e9lix, Tremelo (Province du Brabant flamand) - Belge<br \/>OP DE BEECK Louis, Baal (Province du Brabant flamand) - Belge<br \/>PAGNOZZI Annibale, Sant\u2019Angelo a Cupolo (Campanie, Province de B\u00e9n\u00e9vent) - Italien<br \/>PALAZZI Alvaro, Monteciccardo (Marches, Province de Pesaro et Urbino) - Italien<br \/>PALAZZO Francesco, Salice Salentino (Pouilles, Province de Lecce) - Italien<br \/>PALAZZONE Giuseppe, Manoppello (Abruzzes, Province de Pescara) - Italien<br \/>PALLANTE Esmeraldo, Castel del Monte (Abruzzes, Province de l\u2019Aquila) - Italien<br \/>PALMIERI Liberato, Busso (Molise, Province de Campobasso) - Italien<br \/>PAPA Pasquale, Reggio de Calabre (Calabre, Province de Calabre) - Italien<br \/>PARDON Jan-Baptist, Baal (Province du Brabant flamand) - Belge<br \/>PEGORER Ferrucio, Azzano Decimo (Frioul-V\u00e9n\u00e9tie Julienne, Province de Pordenone) - Italien<br \/>PELLEGRIMS Oscar, Billy-Montigny (France) - Belge<br \/>PELGRIMS Theodoor, Tremelo (Province du Brabant flamand) - Belge<br \/>PERDICCHIA Cesario, Melissano (Pouilles, Province de Lecce) - Italien<br \/>PERES Janos, Veszto - Hongrois<br \/>PETACCIA Giuseppe, Manoppello (Abruzzes, Province de Pescara) - Italien<br \/>PETACCIA Ottavio, Manoppello (Abruzzes, Province de Pescara) - Italien<br \/>PETRONIO Secondo, Castel del Monte (Abruzzes, Province de l\u2019Aquila) - Italien<br \/>PICCIN Mario, Codogne (V\u00e9n\u00e9tie, Province de Tr\u00e9vise) - Italien<br \/>PICCOLO Ciro Natale, Povoletto (Frioul-V\u00e9n\u00e9tie Julienne, Province d\u2019Udine) - Italien<br \/>PIELQUIN Maurice, Marcinelle (Province de Hainaut) - Belge<br \/>PIERANI Giulio, Petriano (Marches, Province de Pesaro et Urbino) - Italien<br \/>PILUSO Salvatore, Caltagirone (Sicile, Province de Catane) - Italien<br \/>PINTO Giuseppe, Mola (Pouilles, Province de Bari) - Italien<br \/>POHL Rudolf, Bitkow - Polonais<br \/>POLESE Giuseppe, Cimadolmo (V\u00e9n\u00e9tie, Province de Tr\u00e9vise) - IItalien<br \/>POLOGRUTO Pietro, Petrizzi (Calabre, Province de Catanzaro) - Italien<br \/>RANIERI Sante, Manoppello (Abruzzes, Province de Pescara) - Italien<br \/>REALE Calogero, Mantaperto (Sicile, Province d\u2019Agrigente) - Italien<br \/>RIGA Vincenzo, Ovindoli (Abruzzes, Province de l\u2019Aquila) - Italien<br \/>RIGHETTI Giuseppe, Pesaro (Marches, Province de Pesaro et Urbino) - Italien<br \/>ROCCHI Donato, Isola del Gran Sasso d\u2019Italia (Abruzzes, Province de Teramo) - Italien<br \/>ROCHET Robert, Couillet (Province de Hainaut) - Belge<br \/>ROCK Henri, Montignies-sur-Sambre (Province de Hainaut) - Belge<br \/>ROMASCO Eduardo, Manoppello (Abruzzes, Province de Pescara) - Italien<br \/>ROSSCHAERT Henri, Couillet (Province de Hainaut) - Belge<br \/>RUGGIERI Osmano, Martina Franca (Pouilles, Province de Tarente) - Italien<br \/>RULLI Camillo, Manoppello (Abruzzes, Province de Pescara) - Italien<br \/>RULLI Rocco, Manoppello (Abruzzes, Province de Pescara) - Italien<br \/>RUPERTO Cosimo, Alezio (Pouilles, Province de Lecce) - Italien<br \/>SACCO Antonio, Cervinara (Campanie, Province d\u2019Avellino) - Italien<br \/>SALOMONE Nicola, Sant\u2019Eusanio del Sangro (Abruzzes, Province de Chieti) - Italien<br \/>SAMOY Alphonse, Couillet (Province de Hainaut) - Belge<br \/>SAMOY Ren\u00e9, Couillet (Province de Hainaut) - Belge<br \/>SANTANTONIO Donato, Racale (Pouilles, Province de Lecce) - Italien<br \/>SANTANTONIO Natale, Brindisi (Pouilles, Province de Brindisi) - Italien<br \/>SCOHIER Raymond, Marcinelle (Province de Hainaut) - Belge<br \/>SCORTECHINI Davilio, Cingoli (Marches, Province de Macerata) - Italien<br \/>SEMPELS Michel, Nijlen (Province d\u2019Anvers) - Belge<br \/>SEMPLECINO Giuseppe, Manoppello (Abruzzes, Province de Pescara) - Italien<br \/>SERRONE Carmelo, Serrano (Pouilles, Province de Lecce) - Italien<br \/>SICARI Vincenzo, Rosarno (Calabre, Province de Reggio de Calabre) - Italien<br \/>SPICA Ernesto, Martina Franca (Pouilles, Province de Tarente) - Italien<br \/>STANISLAWSZYN Wladyslaw, Chrechorov - Polonais<br \/>STIFANI Pasquale, Taurisano (Pouilles, Province de Lecce) - Italien<br \/>STROOM Jan, Ushua\u00efa (Argentine) - Hollandais<br \/>SWINGHEDAW Andr\u00e9, Versailles (France) - Belge<br \/>TALAMELLI Filippo, Fano (Marches, Province de Pesaro et Urbino) - Italien<br \/>TAMBURRANA Abramo, Millem (Allemagne) - Italien<br \/>TANGHE Charles, Zande (Province de Flandre occidentale) - Belge<br \/>TENRET Robert, Marcinelle (Province de Hainaut) - Belge<br \/>TIEBORTS Renaat, Wuustwezel (Province d\u2019Anvers) - Belge<br \/>TILMANT Alfred, Charleroi (Province de Hainaut) - Belge<br \/>TOPPI Pantaleone, Lettomanoppello (Abruzzes, Province de Pescara) - Italien<br \/>TOPPI Sante, Lettomanoppello (Abruzzes, Province de Pescara) - Italien<br \/>TORFS L\u00e9onard, Schriek (Province du Brabant flamand) - Belge<br \/>TRAVAGLINI Gabriele, Roccascalegna (Abruzzes, Province de Chieti) - Italien<br \/>TSIAZIS Panayote, Argos - Grec<br \/>USOWICZ Sergiusz, Misie - Polonais<br \/>VAN CRAEN Georges, Schriek (Province du Brabant flamand) - Belge<br \/>VAN DE VOORDE Ren\u00e9, Luingne (Province de Hainaut) - Belge<br \/>VAN DER AUWERMEULEN Frans, Baal (Province du Brabant flamand) - Belge<br \/>VAN EYKEN Florent, Pironchamps (Province de Hainaut) - Belge<br \/>VAN HAMME Roger, Biesmes (Province de Namur) - Belge<br \/>VAN HIEL Joannes, Hamme (Province du Brabant flamand) - Belge<br \/>VAN HOOF Albert, Betekom (Province du Brabant flamand) - Belge<br \/>VANDENBROECK Armand, Keerbergen (Province du Brabant flamand) - Belge<br \/>VANDERMEERS Robert, Clabecq (Province du Brabant flamand) - Belge<br \/>VAN WOINSEL Joseph, Farciennes (Province de Hainaut) - Belge<br \/>VAUSORT Gaston, Marcinelle (Province de Hainaut) - Belge<br \/>VENNERI Vito, Racale (Pouille, Province de Lecce) - Italien<br \/>VENTURA Salvatore, Tuglie (Pouilles, Province de Lecce) - Italien<br \/>VERVOORT Frans, Itegem (Province du Brabant flamand) - Belge<br \/>VERVOORT Louis Itegem (Province du Brabant flamand) - Belge<br \/>VITA Rocco, Racale (Pouilles, Province de Lecce) - Italien<br \/>VITALI Roberto, Gaggio Montano (\u00c9milie-Romagne, Province de Bologne) - Italien<br \/>WALDRON George, Droitwich (Angleterre) - Britannique<br \/>WASIK Gregory, Kaminica - Polonais<br \/>WAUTERS Jan-Baptist, Keerbergen (Province du Brabant flamand) - Belge<br \/>WOUTERS Lodewijk, Betekom (Province du Brabant flamand) - Belge<br \/>WAUTHELET Gustave, Ch\u00e2telineau (Province de Hainaut) - Belge<br \/>WILMART Germain, Marcinelle (Province de Hainaut) - Belge<br \/>WOLOSCHYN Ivan, Hradenytsi - Ukrainien<br \/>ZANELLI Armando, Palazzolo dello Stella (Frioul-V\u00e9n\u00e9tie Julienne, Province d\u2019Udine) - Italien<br \/>ZAZZARA Federico, Manoppello (Abruzzes, Province de Pescara) - Italien<br \/>ZINNI Mario, Roccascalegna (Abruzzes, Province de Chieti) - Italien<\/p>\n<\/div>\n<\/div><\/div><\/div><\/div><\/div>","protected":false},"excerpt":{"rendered":"<p>8 augustus 1956 leek een dag als alle andere te worden&#8230; Die ochtend daalden 275 mannen af in de diepten van de ondergrondse die ze zo goed kenden om naar hun werkplek te gaan. Het was om 8.10 uur &#8216;s ochtends dat het drama zich voltrok: na een misverstand met de ondergrondse raakte een arbeider op min 975 meter op een ongelegen moment een karretje dat een lege wagon naar de andere kant moest duwen. Tot overmaat van ramp kwam de wagon er niet helemaal uit, geblokkeerd door een defecte stopper. Toen de kooi op gang kwam, bleef een van de twee overhangende wagons haken aan een balk. Dit werd een echte stormram die ernstige schade veroorzaakte aan een olieleiding, twee hoogspanningskabels beschadigde en een persluchtleiding scheurde. Elektrische vlambogen ontstaken de oliespray. Het vuur, dat werd geactiveerd door de perslucht en de werking van de oppervlakteventilator, werd aangewakkerd door de nabijgelegen houten bekisting, balken en geleiders. Het vuur verspreidde zich snel door de mijn. Wat een eenvoudig incident met kooien was geweest, was ontaard in een echte catastrofe.<\/p>\n","protected":false},"author":6,"featured_media":0,"parent":0,"menu_order":0,"comment_status":"closed","ping_status":"closed","template":"","meta":{"_monsterinsights_skip_tracking":false,"_monsterinsights_sitenote_active":false,"_monsterinsights_sitenote_note":"","_monsterinsights_sitenote_category":0,"footnotes":""},"class_list":["post-122671","page","type-page","status-publish","hentry"],"yoast_head":"<!-- This site is optimized with the Yoast SEO plugin v27.4 - https:\/\/yoast.com\/product\/yoast-seo-wordpress\/ -->\n<title>8 augustus 1956 - Le Bois du Cazier<\/title>\n<meta name=\"robots\" content=\"index, follow, max-snippet:-1, max-image-preview:large, max-video-preview:-1\" \/>\n<link rel=\"canonical\" href=\"https:\/\/www.leboisducazier.be\/nl\/8-augustus-1956\/\" \/>\n<meta property=\"og:locale\" content=\"nl_NL\" \/>\n<meta property=\"og:type\" content=\"article\" \/>\n<meta property=\"og:title\" content=\"8 augustus 1956 - Le Bois du Cazier\" \/>\n<meta property=\"og:description\" content=\"8 augustus 1956 leek een dag als alle andere te worden... Die ochtend daalden 275 mannen af in de diepten van de ondergrondse die ze zo goed kenden om naar hun werkplek te gaan. Het was om 8.10 uur &#039;s ochtends dat het drama zich voltrok: na een misverstand met de ondergrondse raakte een arbeider op min 975 meter op een ongelegen moment een karretje dat een lege wagon naar de andere kant moest duwen. Tot overmaat van ramp kwam de wagon er niet helemaal uit, geblokkeerd door een defecte stopper. Toen de kooi op gang kwam, bleef een van de twee overhangende wagons haken aan een balk. Dit werd een echte stormram die ernstige schade veroorzaakte aan een olieleiding, twee hoogspanningskabels beschadigde en een persluchtleiding scheurde. Elektrische vlambogen ontstaken de oliespray. Het vuur, dat werd geactiveerd door de perslucht en de werking van de oppervlakteventilator, werd aangewakkerd door de nabijgelegen houten bekisting, balken en geleiders. Het vuur verspreidde zich snel door de mijn. Wat een eenvoudig incident met kooien was geweest, was ontaard in een echte catastrofe.\" \/>\n<meta property=\"og:url\" content=\"https:\/\/www.leboisducazier.be\/nl\/8-augustus-1956\/\" \/>\n<meta property=\"og:site_name\" content=\"Le Bois du Cazier\" \/>\n<meta property=\"article:modified_time\" content=\"2024-05-23T11:41:37+00:00\" \/>\n<meta name=\"twitter:card\" content=\"summary_large_image\" \/>\n<meta name=\"twitter:label1\" content=\"Est. reading time\" \/>\n\t<meta name=\"twitter:data1\" content=\"13 minutes\" \/>\n<script type=\"application\/ld+json\" class=\"yoast-schema-graph\">{\"@context\":\"https:\\\/\\\/schema.org\",\"@graph\":[{\"@type\":\"WebPage\",\"@id\":\"https:\\\/\\\/www.leboisducazier.be\\\/nl\\\/8-augustus-1956\\\/\",\"url\":\"https:\\\/\\\/www.leboisducazier.be\\\/nl\\\/8-augustus-1956\\\/\",\"name\":\"8 augustus 1956 - Le Bois du Cazier\",\"isPartOf\":{\"@id\":\"https:\\\/\\\/www.leboisducazier.be\\\/#website\"},\"datePublished\":\"2024-05-23T09:46:26+00:00\",\"dateModified\":\"2024-05-23T11:41:37+00:00\",\"breadcrumb\":{\"@id\":\"https:\\\/\\\/www.leboisducazier.be\\\/nl\\\/8-augustus-1956\\\/#breadcrumb\"},\"inLanguage\":\"nl-NL\",\"potentialAction\":[{\"@type\":\"ReadAction\",\"target\":[\"https:\\\/\\\/www.leboisducazier.be\\\/nl\\\/8-augustus-1956\\\/\"]}]},{\"@type\":\"BreadcrumbList\",\"@id\":\"https:\\\/\\\/www.leboisducazier.be\\\/nl\\\/8-augustus-1956\\\/#breadcrumb\",\"itemListElement\":[{\"@type\":\"ListItem\",\"position\":1,\"name\":\"Accueil\",\"item\":\"https:\\\/\\\/www.leboisducazier.be\\\/nl\\\/\"},{\"@type\":\"ListItem\",\"position\":2,\"name\":\"8 augustus 1956\"}]},{\"@type\":\"WebSite\",\"@id\":\"https:\\\/\\\/www.leboisducazier.be\\\/#website\",\"url\":\"https:\\\/\\\/www.leboisducazier.be\\\/\",\"name\":\"Le Bois du Cazier\",\"description\":\"La conscience d&#039;une m\u00e9moire\",\"publisher\":{\"@id\":\"https:\\\/\\\/www.leboisducazier.be\\\/#organization\"},\"potentialAction\":[{\"@type\":\"SearchAction\",\"target\":{\"@type\":\"EntryPoint\",\"urlTemplate\":\"https:\\\/\\\/www.leboisducazier.be\\\/?s={search_term_string}\"},\"query-input\":{\"@type\":\"PropertyValueSpecification\",\"valueRequired\":true,\"valueName\":\"search_term_string\"}}],\"inLanguage\":\"nl-NL\"},{\"@type\":\"Organization\",\"@id\":\"https:\\\/\\\/www.leboisducazier.be\\\/#organization\",\"name\":\"Le Bois du Cazier\",\"url\":\"https:\\\/\\\/www.leboisducazier.be\\\/\",\"logo\":{\"@type\":\"ImageObject\",\"inLanguage\":\"nl-NL\",\"@id\":\"https:\\\/\\\/www.leboisducazier.be\\\/#\\\/schema\\\/logo\\\/image\\\/\",\"url\":\"https:\\\/\\\/www.leboisducazier.be\\\/wp-content\\\/uploads\\\/2024\\\/04\\\/logo-2024-bdc-gris-orange-positif_page-0001.jpg\",\"contentUrl\":\"https:\\\/\\\/www.leboisducazier.be\\\/wp-content\\\/uploads\\\/2024\\\/04\\\/logo-2024-bdc-gris-orange-positif_page-0001.jpg\",\"width\":508,\"height\":436,\"caption\":\"Le Bois du Cazier\"},\"image\":{\"@id\":\"https:\\\/\\\/www.leboisducazier.be\\\/#\\\/schema\\\/logo\\\/image\\\/\"}}]}<\/script>\n<!-- \/ Yoast SEO plugin. -->","yoast_head_json":{"title":"8 augustus 1956 - Le Bois du Cazier","robots":{"index":"index","follow":"follow","max-snippet":"max-snippet:-1","max-image-preview":"max-image-preview:large","max-video-preview":"max-video-preview:-1"},"canonical":"https:\/\/www.leboisducazier.be\/nl\/8-augustus-1956\/","og_locale":"nl_NL","og_type":"article","og_title":"8 augustus 1956 - Le Bois du Cazier","og_description":"8 augustus 1956 leek een dag als alle andere te worden... Die ochtend daalden 275 mannen af in de diepten van de ondergrondse die ze zo goed kenden om naar hun werkplek te gaan. Het was om 8.10 uur 's ochtends dat het drama zich voltrok: na een misverstand met de ondergrondse raakte een arbeider op min 975 meter op een ongelegen moment een karretje dat een lege wagon naar de andere kant moest duwen. Tot overmaat van ramp kwam de wagon er niet helemaal uit, geblokkeerd door een defecte stopper. Toen de kooi op gang kwam, bleef een van de twee overhangende wagons haken aan een balk. Dit werd een echte stormram die ernstige schade veroorzaakte aan een olieleiding, twee hoogspanningskabels beschadigde en een persluchtleiding scheurde. Elektrische vlambogen ontstaken de oliespray. Het vuur, dat werd geactiveerd door de perslucht en de werking van de oppervlakteventilator, werd aangewakkerd door de nabijgelegen houten bekisting, balken en geleiders. Het vuur verspreidde zich snel door de mijn. Wat een eenvoudig incident met kooien was geweest, was ontaard in een echte catastrofe.","og_url":"https:\/\/www.leboisducazier.be\/nl\/8-augustus-1956\/","og_site_name":"Le Bois du Cazier","article_modified_time":"2024-05-23T11:41:37+00:00","twitter_card":"summary_large_image","twitter_misc":{"Est. reading time":"13 minutes"},"schema":{"@context":"https:\/\/schema.org","@graph":[{"@type":"WebPage","@id":"https:\/\/www.leboisducazier.be\/nl\/8-augustus-1956\/","url":"https:\/\/www.leboisducazier.be\/nl\/8-augustus-1956\/","name":"8 augustus 1956 - Le Bois du Cazier","isPartOf":{"@id":"https:\/\/www.leboisducazier.be\/#website"},"datePublished":"2024-05-23T09:46:26+00:00","dateModified":"2024-05-23T11:41:37+00:00","breadcrumb":{"@id":"https:\/\/www.leboisducazier.be\/nl\/8-augustus-1956\/#breadcrumb"},"inLanguage":"nl-NL","potentialAction":[{"@type":"ReadAction","target":["https:\/\/www.leboisducazier.be\/nl\/8-augustus-1956\/"]}]},{"@type":"BreadcrumbList","@id":"https:\/\/www.leboisducazier.be\/nl\/8-augustus-1956\/#breadcrumb","itemListElement":[{"@type":"ListItem","position":1,"name":"Accueil","item":"https:\/\/www.leboisducazier.be\/nl\/"},{"@type":"ListItem","position":2,"name":"8 augustus 1956"}]},{"@type":"WebSite","@id":"https:\/\/www.leboisducazier.be\/#website","url":"https:\/\/www.leboisducazier.be\/","name":"Le Bois du Cazier","description":"La conscience d&#039;une m\u00e9moire","publisher":{"@id":"https:\/\/www.leboisducazier.be\/#organization"},"potentialAction":[{"@type":"SearchAction","target":{"@type":"EntryPoint","urlTemplate":"https:\/\/www.leboisducazier.be\/?s={search_term_string}"},"query-input":{"@type":"PropertyValueSpecification","valueRequired":true,"valueName":"search_term_string"}}],"inLanguage":"nl-NL"},{"@type":"Organization","@id":"https:\/\/www.leboisducazier.be\/#organization","name":"Le Bois du Cazier","url":"https:\/\/www.leboisducazier.be\/","logo":{"@type":"ImageObject","inLanguage":"nl-NL","@id":"https:\/\/www.leboisducazier.be\/#\/schema\/logo\/image\/","url":"https:\/\/www.leboisducazier.be\/wp-content\/uploads\/2024\/04\/logo-2024-bdc-gris-orange-positif_page-0001.jpg","contentUrl":"https:\/\/www.leboisducazier.be\/wp-content\/uploads\/2024\/04\/logo-2024-bdc-gris-orange-positif_page-0001.jpg","width":508,"height":436,"caption":"Le Bois du Cazier"},"image":{"@id":"https:\/\/www.leboisducazier.be\/#\/schema\/logo\/image\/"}}]}},"amp_enabled":true,"_links":{"self":[{"href":"https:\/\/www.leboisducazier.be\/nl\/wp-json\/wp\/v2\/pages\/122671","targetHints":{"allow":["GET"]}}],"collection":[{"href":"https:\/\/www.leboisducazier.be\/nl\/wp-json\/wp\/v2\/pages"}],"about":[{"href":"https:\/\/www.leboisducazier.be\/nl\/wp-json\/wp\/v2\/types\/page"}],"author":[{"embeddable":true,"href":"https:\/\/www.leboisducazier.be\/nl\/wp-json\/wp\/v2\/users\/6"}],"replies":[{"embeddable":true,"href":"https:\/\/www.leboisducazier.be\/nl\/wp-json\/wp\/v2\/comments?post=122671"}],"version-history":[{"count":0,"href":"https:\/\/www.leboisducazier.be\/nl\/wp-json\/wp\/v2\/pages\/122671\/revisions"}],"wp:attachment":[{"href":"https:\/\/www.leboisducazier.be\/nl\/wp-json\/wp\/v2\/media?parent=122671"}],"curies":[{"name":"wp","href":"https:\/\/api.w.org\/{rel}","templated":true}]}}