{"id":3942,"date":"2016-02-25T09:40:35","date_gmt":"2016-02-25T09:40:35","guid":{"rendered":"http:\/\/www.leboisducazier.be\/nl\/groupes-primaires\/"},"modified":"2016-04-14T14:23:09","modified_gmt":"2016-04-14T14:23:09","slug":"basisschool","status":"publish","type":"page","link":"https:\/\/www.leboisducazier.be\/nl\/basisschool\/","title":{"rendered":"Basisschool"},"content":{"rendered":"<div id=\"pl-3942\"  class=\"panel-layout\" ><div id=\"pg-3942-0\"  class=\"panel-grid panel-no-style\" ><div id=\"pgc-3942-0-0\"  class=\"panel-grid-cell\" ><div id=\"panel-3942-0-0-0\" class=\"so-panel widget widget_sow-editor panel-first-child panel-last-child\" data-index=\"0\" ><div\n\t\t\t\n\t\t\tclass=\"so-widget-sow-editor so-widget-sow-editor-base\"\n\t\t\t\n\t\t><h3 class=\"widget-title\">Visites et animations p\u00e9dagogiques<\/h3>\n<div class=\"siteorigin-widget-tinymce textwidget\">\n\t<p style=\"text-align: justify;\">Le Bois du Cazier propose des visites et animations sur 5 th\u00e9matiques principales : l'univers de la mine, l'industrie et les forges, l'immigration et la multiculturalit\u00e9, le verre, les terrils et les \u00e9nergies. Afin d'organiser au mieux votre visite, nous vous conseillons de t\u00e9l\u00e9charger notre brochure <a href=\"http:\/\/beta.leboisducazier.com\/wp-content\/uploads\/2016\/03\/miseenpageder_000.pdf\" target=\"_blank\">\"Groupes scolaires et extrascolaires 2015-2016\"<\/a>.\u00a0Tout est mis en \u0153uvre pour faire de votre visite une r\u00e9ussite.\u00a0<\/p>\n<p style=\"text-align: justify;\">\u00a0<\/p>\n<h2 style=\"text-align: justify;\">Les atouts d'une visite au Bois du Cazier :<\/h2>\n<\/div>\n<\/div><\/div><\/div><div id=\"pgc-3942-0-1\"  class=\"panel-grid-cell\" ><div id=\"panel-3942-0-1-0\" class=\"so-panel widget widget_alert-widget panel-first-child panel-last-child\" data-index=\"1\" ><div class=\"p panel-widget-style panel-widget-style-for-3942-0-1-0\" ><div\n\t\t\t\n\t\t\tclass=\"so-widget-alert-widget so-widget-alert-widget-base\"\n\t\t\t\n\t\t><div data-appear-animation=\"swing\"><div class=\"alert alert-info fade in\" style=\"background-color:; color: border-color:\">Conditions et r\u00e9servations        071\/29 89 30     reservation@leboisducazier.be\n<\/div><\/div><\/div><\/div><\/div><\/div><\/div><div id=\"pg-3942-1\"  class=\"panel-grid panel-no-style\" ><div id=\"pgc-3942-1-0\"  class=\"panel-grid-cell\" ><div id=\"panel-3942-1-0-0\" class=\"so-panel widget widget_iconbox-widget panel-first-child panel-last-child\" data-index=\"2\" ><div\n\t\t\t\n\t\t\tclass=\"so-widget-iconbox-widget so-widget-iconbox-widget-base\"\n\t\t\t\n\t\t>\n\n<div class=\"icon-box ibox-center ibox-outline standard standard\" data-appear-animation=\"fadeIn\">\n    <div class=\"ibox-icon\" >\n        <span class=\"sow-icon-fontawesome sow-fas\" data-sow-icon=\"&#xf265;\"\n\t\tstyle=\"\" \n\t\taria-hidden=\"true\"><\/span>    <\/div>\n    <h3>Adapt\u00e9<\/h3>    <p>Nos visites sont adapt\u00e9es aux programmes scolaires.<\/p><\/div><\/div><\/div><\/div><div id=\"pgc-3942-1-1\"  class=\"panel-grid-cell\" ><div id=\"panel-3942-1-1-0\" class=\"so-panel widget widget_iconbox-widget panel-first-child panel-last-child\" data-index=\"3\" ><div\n\t\t\t\n\t\t\tclass=\"so-widget-iconbox-widget so-widget-iconbox-widget-base\"\n\t\t\t\n\t\t>\n\n<div class=\"icon-box ibox-center ibox-outline standard standard\" data-appear-animation=\"fadeIn\">\n    <div class=\"ibox-icon\" >\n        <span class=\"sow-icon-fontawesome sow-fas\" data-sow-icon=\"&#xf085;\"\n\t\tstyle=\"\" \n\t\taria-hidden=\"true\"><\/span>    <\/div>\n    <h3>Educatif<\/h3>    <p>Nos visites sont \u00e9ducatives et offrent une id\u00e9e originale de sortie.<\/p><\/div><\/div><\/div><\/div><div id=\"pgc-3942-1-2\"  class=\"panel-grid-cell\" ><div id=\"panel-3942-1-2-0\" class=\"so-panel widget widget_iconbox-widget panel-first-child panel-last-child\" data-index=\"4\" ><div\n\t\t\t\n\t\t\tclass=\"so-widget-iconbox-widget so-widget-iconbox-widget-base\"\n\t\t\t\n\t\t>\n\n<div class=\"icon-box ibox-center ibox-outline standard standard\" data-appear-animation=\"fadeIn\">\n    <div class=\"ibox-icon\" >\n        <span class=\"sow-icon-fontawesome sow-far\" data-sow-icon=\"&#xf086;\"\n\t\tstyle=\"\" \n\t\taria-hidden=\"true\"><\/span>    <\/div>\n    <h3>sp\u00e9cifique<\/h3>    <p>Notre \u00e9quipe est \u00e0 votre \u00e9coute pour personnaliser et concr\u00e9tiser vos projets.<\/p><\/div><\/div><\/div><\/div><div id=\"pgc-3942-1-3\"  class=\"panel-grid-cell\" ><div id=\"panel-3942-1-3-0\" class=\"so-panel widget widget_iconbox-widget panel-first-child panel-last-child\" data-index=\"5\" ><div\n\t\t\t\n\t\t\tclass=\"so-widget-iconbox-widget so-widget-iconbox-widget-base\"\n\t\t\t\n\t\t>\n\n<div class=\"icon-box ibox-center ibox-outline standard standard\" data-appear-animation=\"fadeIn\">\n    <div class=\"ibox-icon\" >\n        <span class=\"sow-icon-fontawesome sow-fas\" data-sow-icon=\"&#xf328;\"\n\t\tstyle=\"\" \n\t\taria-hidden=\"true\"><\/span>    <\/div>\n    <h3>Document\u00e9<\/h3>    <p>Nous mettons \u00e0 votre disposition des brochures et ressources p\u00e9dagogiques.<\/p><\/div><\/div><\/div><\/div><div id=\"pgc-3942-1-4\"  class=\"panel-grid-cell\" ><div id=\"panel-3942-1-4-0\" class=\"so-panel widget widget_iconbox-widget panel-first-child panel-last-child\" data-index=\"6\" ><div\n\t\t\t\n\t\t\tclass=\"so-widget-iconbox-widget so-widget-iconbox-widget-base\"\n\t\t\t\n\t\t>\n\n<div class=\"icon-box ibox-center ibox-outline standard standard\" data-appear-animation=\"fadeIn\">\n    <div class=\"ibox-icon\" >\n        <span class=\"sow-icon-fontawesome sow-fas\" data-sow-icon=\"&#xf2e7;\"\n\t\tstyle=\"\" \n\t\taria-hidden=\"true\"><\/span>    <\/div>\n    <h3>Espace pique-nique<\/h3>    <p>Un espace \"pique-nique\" est mis \u00e0 votre disposition sur r\u00e9servation.<\/p><\/div><\/div><\/div><\/div><\/div><div id=\"pg-3942-2\"  class=\"panel-grid panel-no-style\" ><div id=\"pgc-3942-2-0\"  class=\"panel-grid-cell\" ><div id=\"panel-3942-2-0-0\" class=\"so-panel widget widget_spacer-widget panel-first-child\" data-index=\"7\" ><div\n\t\t\t\n\t\t\tclass=\"so-widget-spacer-widget so-widget-spacer-widget-base\"\n\t\t\t\n\t\t>\n<div class=\"clearfix\" style=\"height:60px\"><\/div><\/div><\/div><div id=\"panel-3942-2-0-1\" class=\"so-panel widget widget_sow-editor panel-last-child\" data-index=\"8\" ><div\n\t\t\t\n\t\t\tclass=\"so-widget-sow-editor so-widget-sow-editor-base\"\n\t\t\t\n\t\t><h3 class=\"widget-title\">Nos programmes \"primaires\"<\/h3>\n<div class=\"siteorigin-widget-tinymce textwidget\">\n\t<\/div>\n<\/div><\/div><\/div><\/div><div id=\"pg-3942-3\"  class=\"panel-grid panel-no-style\" ><div id=\"pgc-3942-3-0\"  class=\"panel-grid-cell\" ><div id=\"panel-3942-3-0-0\" class=\"so-panel widget widget_custom-grid-list-widget panel-first-child\" data-index=\"9\" ><div\n\t\t\t\n\t\t\tclass=\"so-widget-custom-grid-list-widget so-widget-custom-grid-list-widget-base\"\n\t\t\t\n\t\t><div class=\"grid-item spaces-item format-image\">\n\t\t<div class=\"grid-item-header\">\n\t\t\t<h3 class=\"short\">Comprendre la mine avec R\u00e9mi<\/h3>\n\t\t\t<h4>L&#039;Univers de la mine<\/h4>\t\t<\/div>\n\t\t\t\t\t\n\t\t\t\t<a href=\"https:\/\/www.leboisducazier.be\/wp-content\/uploads\/2016\/02\/Remi-1.jpg\" class=\"media-box magnific-image\">\t\t\t            <img loading=\"lazy\" decoding=\"async\" src=\"https:\/\/www.leboisducazier.be\/wp-content\/uploads\/2016\/02\/Remi-1.jpg\" width=\"700\" height=\"525\" alt=\"Widget image\">\n        <\/a>\t\t\t\t<div class=\"grid-item-content\">\n\t\t\t<p>\n\t\t\t\t\tD\u00e9couvrez l'univers minier de la fin du XIXe si\u00e8cle en compagnie de R\u00e9mi, le h\u00e9ros du roman \"Sans famille\" d'Hector Malot (1830-1907) et du dessin anim\u00e9. Des photographies, la diffusion du t\u00e9moignage d'un ancien mineur et la visite du Bois du Cazier permettent ensuite d'\u00e9tablir une comparaison avec les conditions de travail dans les ann\u00e9es 50. \n<\/p>\n\t\t\t\t\t\t\t\t\t<span class=\"meta-data\">\n\t\t\t\t\t<strong>Visite-animation de la 1e \u00e0 la 6e primaire. Dur\u00e9e de 2h.<\/strong><\/span>\n\t\t\t\t\t<\/div>\n\t<\/div>\n<\/div><\/div><div id=\"panel-3942-3-0-1\" class=\"so-panel widget widget_custom-grid-list-widget\" data-index=\"10\" ><div\n\t\t\t\n\t\t\tclass=\"so-widget-custom-grid-list-widget so-widget-custom-grid-list-widget-base\"\n\t\t\t\n\t\t><div class=\"grid-item spaces-item format-image\">\n\t\t<div class=\"grid-item-header\">\n\t\t\t<h3 class=\"short\">Le travail des enfants<\/h3>\n\t\t\t<h4>L&#039;Industrie et les Forges<\/h4>\t\t<\/div>\n\t\t\t\t\t\n\t\t\t\t<a href=\"https:\/\/www.leboisducazier.be\/wp-content\/uploads\/2016\/02\/travail-enfants.jpg\" class=\"media-box magnific-image\">\t\t\t            <img loading=\"lazy\" decoding=\"async\" src=\"https:\/\/www.leboisducazier.be\/wp-content\/uploads\/2016\/02\/travail-enfants.jpg\" width=\"700\" height=\"464\" alt=\"Widget image\">\n        <\/a>\t\t\t\t<div class=\"grid-item-content\">\n\t\t\t<p>\n\t\t\t\t\tJusqu'en 1914, en Europe de l'ouest, les enfants travaillaient pour aider leur famille \u00e0 subvenir \u00e0 leurs besoins. Beaucoup se retrouvaient ainsi dans la mine, derri\u00e8re des machines ou \u00e0 la forge. Aujourd'hui, dans de nombreux pays, des enfants travaillent encore... La visite guid\u00e9e retrace le labeur des enfants autrefois et une animation aborde le travail des enfants aujourd'hui.  <\/p>\n\t\t\t\t\t\t\t\t\t<span class=\"meta-data\">\n\t\t\t\t\t<strong>Visite-animation de la 1e primaire au secondaire inf\u00e9rieur. Dur\u00e9e de 2h.<\/strong><\/span>\n\t\t\t\t\t<\/div>\n\t<\/div>\n<\/div><\/div><div id=\"panel-3942-3-0-2\" class=\"so-panel widget widget_custom-grid-list-widget panel-last-child\" data-index=\"11\" ><div\n\t\t\t\n\t\t\tclass=\"so-widget-custom-grid-list-widget so-widget-custom-grid-list-widget-base\"\n\t\t\t\n\t\t><div class=\"grid-item spaces-item format-image\">\n\t\t<div class=\"grid-item-header\">\n\t\t\t<h3 class=\"short\">Tous pareils! Tous diff\u00e9rents!<\/h3>\n\t\t\t<h4>L&#039;immigration et la multiculturalit\u00e9<\/h4>\t\t<\/div>\n\t\t\t\t\t\n\t\t\t\t<a href=\"https:\/\/www.leboisducazier.be\/wp-content\/uploads\/2016\/02\/ensemble.jpg\" class=\"media-box magnific-image\">\t\t\t            <img loading=\"lazy\" decoding=\"async\" src=\"https:\/\/www.leboisducazier.be\/wp-content\/uploads\/2016\/02\/ensemble.jpg\" width=\"525\" height=\"702\" alt=\"Widget image\">\n        <\/a>\t\t\t\t<div class=\"grid-item-content\">\n\t\t\t<p>\n\t\t\t\t\tSi les hommes ont des silhouettes identiques, l'identit\u00e9 de chacun est diff\u00e9rente. Sur base de photographies des quatre coins du monde, cr\u00e9ez un personnage multiculturel par\u00e9 de milles couleurs. Id\u00e9al pour compl\u00e9ter la visite-animation \"Le parcours du migrant\".<\/p>\n\t\t\t\t\t\t\t\t\t<span class=\"meta-data\">\n\t\t\t\t\t<strong>Aucune comp\u00e9tence artistique n'est requise. Atelier cr\u00e9atif pour les primaires. Dur\u00e9e de 1h30.<\/strong><\/span>\n\t\t\t\t\t<\/div>\n\t<\/div>\n<\/div><\/div><\/div><div id=\"pgc-3942-3-1\"  class=\"panel-grid-cell\" ><div id=\"panel-3942-3-1-0\" class=\"so-panel widget widget_custom-grid-list-widget panel-first-child\" data-index=\"12\" ><div\n\t\t\t\n\t\t\tclass=\"so-widget-custom-grid-list-widget so-widget-custom-grid-list-widget-base\"\n\t\t\t\n\t\t><div class=\"grid-item spaces-item format-image\">\n\t\t<div class=\"grid-item-header\">\n\t\t\t<h3 class=\"short\"><a href=\"http:\/\/beta.leboisducazier.com\/wp-content\/uploads\/2016\/02\/surlestracesdesmieurs.pdf\">Sur les traces des mineurs<\/a><\/h3>\n\t\t\t<h4>L&#039;Univers de la mine<\/h4>\t\t<\/div>\n\t\t\t\t\t\n\t\t\t\t<a href=\"https:\/\/www.leboisducazier.be\/wp-content\/uploads\/2016\/02\/activite-petitm.jpg\" class=\"media-box magnific-image\">\t\t\t            <img loading=\"lazy\" decoding=\"async\" src=\"https:\/\/www.leboisducazier.be\/wp-content\/uploads\/2016\/02\/activite-petitm.jpg\" width=\"700\" height=\"583\" alt=\"Widget image\">\n        <\/a>\t\t\t\t<div class=\"grid-item-content\">\n\t\t\t<p>\n\t\t\t\t\tLes \u00e9l\u00e8ves parcourent le trajet journalier du mineur: de son passage \u00e0 la grille jusqu'au fond (reconstitution de galeries) en passant par la loge, la salle des pendus, la lampisterie et la recette. Tout au long du parcours, les visiteurs manipulent des objets du quotidien du mineur. <\/p>\n\t\t\t\t\t\t\t\t\t\t\t\t\t\t\t\t<span class=\"meta-data\">\n\t\t\t\t\t<strong>Visite \u00e9galement possible en n\u00e9erlandais, anglais, italien et allemand. Visite-animation de la 3e primaire aux \u00e9tudes sup\u00e9rieures. Dur\u00e9e de 2h.<\/strong><\/span>\n\t\t\t\t\t<\/div>\n\t<\/div>\n<\/div><\/div><div id=\"panel-3942-3-1-1\" class=\"so-panel widget widget_custom-grid-list-widget\" data-index=\"13\" ><div\n\t\t\t\n\t\t\tclass=\"so-widget-custom-grid-list-widget so-widget-custom-grid-list-widget-base\"\n\t\t\t\n\t\t><div class=\"grid-item spaces-item format-image\">\n\t\t<div class=\"grid-item-header\">\n\t\t\t<h3 class=\"short\">La d\u00e9monstration de Forge<\/h3>\n\t\t\t<h4>L&#039;Industrie et les Forges<\/h4>\t\t<\/div>\n\t\t\t\t\t\n\t\t\t\t<a href=\"https:\/\/www.leboisducazier.be\/wp-content\/uploads\/2016\/02\/forges.jpg\" class=\"media-box magnific-image\">\t\t\t            <img loading=\"lazy\" decoding=\"async\" src=\"https:\/\/www.leboisducazier.be\/wp-content\/uploads\/2016\/02\/forges.jpg\" width=\"700\" height=\"465\" alt=\"Widget image\">\n        <\/a>\t\t\t\t<div class=\"grid-item-content\">\n\t\t\t<p>\n\t\t\t\t\t Assistez au travail de l'artisan forgeron. D\u00e9couvrez les pouvoirs du charbon, du feu et du m\u00e9tal. Vivez la transformation de celui-ci et rep\u00e9rez les couleurs du changement.<\/p>\n\t\t\t\t\t\t\t\t\t<span class=\"meta-data\">\n\t\t\t\t\t<strong>De la 3e primaire aux \u00e9tudes sup\u00e9rieures. Dur\u00e9e de 2h.<\/strong><\/span>\n\t\t\t\t\t<\/div>\n\t<\/div>\n<\/div><\/div><div id=\"panel-3942-3-1-2\" class=\"so-panel widget widget_custom-grid-list-widget\" data-index=\"14\" ><div\n\t\t\t\n\t\t\tclass=\"so-widget-custom-grid-list-widget so-widget-custom-grid-list-widget-base\"\n\t\t\t\n\t\t><div class=\"grid-item spaces-item format-image\">\n\t\t<div class=\"grid-item-header\">\n\t\t\t<h3 class=\"short\">L&#039;Art, l&#039;histoire et les techniques du Verre<\/h3>\n\t\t\t<h4>Le Verre<\/h4>\t\t<\/div>\n\t\t\t\t\t\n\t\t\t\t<a href=\"https:\/\/www.leboisducazier.be\/wp-content\/uploads\/2016\/02\/activite3.jpg\" class=\"media-box magnific-image\">\t\t\t            <img loading=\"lazy\" decoding=\"async\" src=\"https:\/\/www.leboisducazier.be\/wp-content\/uploads\/2016\/02\/activite3.jpg\" width=\"640\" height=\"480\" alt=\"Widget image\">\n        <\/a>\t\t\t\t<div class=\"grid-item-content\">\n\t\t\t<p>\n\t\t\t\t\tApr\u00e8s une visite guid\u00e9e introductive, les \u00e9l\u00e8ves partent \u00e0 la d\u00e9couverte du mus\u00e9e du Verre \u00e0 l'aide du livret-jeu \"Le Creuset\" et ses nombreuses questions. Ils participent ensuite \u00e0 un atelier de gravure sur verre et assistent \u00e0 la d\u00e9monstration de soufflage au chalumeau. <\/p>\n\t\t\t\t\t\t\t\t\t<span class=\"meta-data\">\n\t\t\t\t\t<strong>Visite-animation de la 3e maternelle \u00e0 la 6e primaire. Dur\u00e9e de 2h30.<\/strong><\/span>\n\t\t\t\t\t<\/div>\n\t<\/div>\n<\/div><\/div><div id=\"panel-3942-3-1-3\" class=\"so-panel widget widget_custom-grid-list-widget panel-last-child\" data-index=\"15\" ><div\n\t\t\t\n\t\t\tclass=\"so-widget-custom-grid-list-widget so-widget-custom-grid-list-widget-base\"\n\t\t\t\n\t\t><div class=\"grid-item spaces-item format-image\">\n\t\t<div class=\"grid-item-header\">\n\t\t\t<h3 class=\"short\"><a href=\"http:\/\/beta.leboisducazier.com\/wp-content\/uploads\/2016\/02\/zeoemission.pdf\">Objectif &quot;z\u00e9ro \u00e9mission&quot;<\/a><\/h3>\n\t\t\t<h4>Les Terrils et les \u00e9nergies<\/h4>\t\t<\/div>\n\t\t\t\t\t\n\t\t\t\t<a href=\"https:\/\/www.leboisducazier.be\/wp-content\/uploads\/2016\/02\/cap-sciences.jpg\" class=\"media-box magnific-image\">\t\t\t            <img loading=\"lazy\" decoding=\"async\" src=\"https:\/\/www.leboisducazier.be\/wp-content\/uploads\/2016\/02\/cap-sciences.jpg\" width=\"525\" height=\"700\" alt=\"Widget image\">\n        <\/a>\t\t\t\t<div class=\"grid-item-content\">\n\t\t\t<p>\n\t\t\t\t\tEn partenariat avec \"Cap Sciences\", combinez une visite au Bois du Cazier avec un atelier scientifique. Appr\u00e9hendez l'\u00e9nergie verte et les nouveaux d\u00e9fis environnementaux en manipulant un panneau solaire miniature, en produisant de l'\u00e9lectricit\u00e9, en fabriquant une \u00e9olienne artisanale. <\/p>\n\t\t\t\t\t\t\t\t\t\t\t\t\t\t\t\t<span class=\"meta-data\">\n\t\t\t\t\t<strong>De la 3e \u00e0 la 6e primaire. Programme d'une journ\u00e9e.<\/strong><\/span>\n\t\t\t\t\t<\/div>\n\t<\/div>\n<\/div><\/div><\/div><div id=\"pgc-3942-3-2\"  class=\"panel-grid-cell\" ><div id=\"panel-3942-3-2-0\" class=\"so-panel widget widget_custom-grid-list-widget panel-first-child\" data-index=\"16\" ><div\n\t\t\t\n\t\t\tclass=\"so-widget-custom-grid-list-widget so-widget-custom-grid-list-widget-base\"\n\t\t\t\n\t\t><div class=\"grid-item spaces-item format-image\">\n\t\t<div class=\"grid-item-header\">\n\t\t\t<h3 class=\"short\">Le patrimoine \u00e0 travers les 5 sens<\/h3>\n\t\t\t<h4>L&#039;Univers de la mine<\/h4>\t\t<\/div>\n\t\t\t\t\t\n\t\t\t\t<a href=\"https:\/\/www.leboisducazier.be\/wp-content\/uploads\/2016\/02\/patrimoine.jpg\" class=\"media-box magnific-image\">\t\t\t            <img loading=\"lazy\" decoding=\"async\" src=\"https:\/\/www.leboisducazier.be\/wp-content\/uploads\/2016\/02\/patrimoine.jpg\" width=\"700\" height=\"466\" alt=\"Widget image\">\n        <\/a>\t\t\t\t<div class=\"grid-item-content\">\n\t\t\t<p>\n\t\t\t\t\tQu'est ce que le patrimoine? L'UNESCO, k\u00e9saco? Quels sont les \"sites miniers majeurs de Wallonie\"? Quelles sont les missions des \"Patrimonitos\"? Apr\u00e8s avoir r\u00e9pondu \u00e0 toutes ces questions, partez \u00e0 la d\u00e9couverte du Bois du Cazier, vos 5 sens en \u00e9veil...\n<\/p>\n\t\t\t\t\t\t\t\t\t<span class=\"meta-data\">\n\t\t\t\t\t<strong>Visite-animation pour les 5\u00e8me et 6\u00e8me primaires. Dur\u00e9e de 2h.<\/strong><\/span>\n\t\t\t\t\t<\/div>\n\t<\/div>\n<\/div><\/div><div id=\"panel-3942-3-2-1\" class=\"so-panel widget widget_custom-grid-list-widget\" data-index=\"17\" ><div\n\t\t\t\n\t\t\tclass=\"so-widget-custom-grid-list-widget so-widget-custom-grid-list-widget-base\"\n\t\t\t\n\t\t><div class=\"grid-item spaces-item format-image\">\n\t\t<div class=\"grid-item-header\">\n\t\t\t<h3 class=\"short\">Le parcours du migrant + Girafe<\/h3>\n\t\t\t<h4>L&#039;immigration et la multiculturalit\u00e9<\/h4>\t\t<\/div>\n\t\t\t\t\t\n\t\t\t\t<a href=\"https:\/\/www.leboisducazier.be\/wp-content\/uploads\/2016\/02\/girafe.jpg\" class=\"media-box magnific-image\">\t\t\t            <img loading=\"lazy\" decoding=\"async\" src=\"https:\/\/www.leboisducazier.be\/wp-content\/uploads\/2016\/02\/girafe.jpg\" width=\"687\" height=\"481\" alt=\"Widget image\">\n        <\/a>\t\t\t\t<div class=\"grid-item-content\">\n\t\t\t<p>\n\t\t\t\t\tDe tous temps, l'Homme a voyag\u00e9. En Belgique, \u00e0 l'\u00e9poque des charbonnages, des ouvriers, italiens, grecs, polonais, ... Puis, marocains et turcs sont venus pr\u00eater main forte. Proposez \u00e0 vos \u00e9l\u00e8ves de d\u00e9couvrir cette histoire de l'immigration et peut-\u00eatre m\u00eame leurs origines. La visite guid\u00e9e est suivie par la projection d'un film d'animation sur les codes culturels et l'int\u00e9gration. Une visite citoyenne pour mener une r\u00e9flexion sur l'actualit\u00e9 d'aujourd'hui. <\/p>\n\t\t\t\t\t\t\t\t\t<span class=\"meta-data\">\n\t\t\t\t\t<strong>Visite-animation pour les 5\u00e8me et 6\u00e8me primaire. Dur\u00e9e de 2h.<\/strong><\/span>\n\t\t\t\t\t<\/div>\n\t<\/div>\n<\/div><\/div><div id=\"panel-3942-3-2-2\" class=\"so-panel widget widget_custom-grid-list-widget panel-last-child\" data-index=\"18\" ><div\n\t\t\t\n\t\t\tclass=\"so-widget-custom-grid-list-widget so-widget-custom-grid-list-widget-base\"\n\t\t\t\n\t\t><div class=\"grid-item spaces-item format-image\">\n\t\t<div class=\"grid-item-header\">\n\t\t\t<h3 class=\"short\">Balade-Nature &quot;Faune &amp; Flore&quot;<\/h3>\n\t\t\t<h4>Les Terrils et les \u00e9nergies<\/h4>\t\t<\/div>\n\t\t\t\t\t\n\t\t\t\t<a href=\"https:\/\/www.leboisducazier.be\/wp-content\/uploads\/2016\/02\/activite2.jpg\" class=\"media-box magnific-image\">\t\t\t            <img loading=\"lazy\" decoding=\"async\" src=\"https:\/\/www.leboisducazier.be\/wp-content\/uploads\/2016\/02\/activite2.jpg\" width=\"523\" height=\"445\" alt=\"Widget image\">\n        <\/a>\t\t\t\t<div class=\"grid-item-content\">\n\t\t\t<p>\n\t\t\t\t\tUn regard vers un terril suffit \u00e0 d\u00e9mentir l'expression de Pays noir. Partez en compagnie du guide-nature \u00e0 travers le biotope particulier que constituent les terrils. Du sous-sol \u00e0 la cime des arbres, d\u00e9couvrez un univers de couleurs ainsi qu'une faune et flore particuli\u00e8res.<\/p>\n\t\t\t\t\t\t\t\t\t<span class=\"meta-data\">\n\t\t\t\t\t<strong>Visite-animation de la 3e maternelle aux \u00e9tudes sup\u00e9rieures. Dur\u00e9e de 2h.<\/strong><\/span>\n\t\t\t\t\t<\/div>\n\t<\/div>\n<\/div><\/div><\/div><\/div><div id=\"pg-3942-4\"  class=\"panel-grid panel-no-style\" ><div id=\"pgc-3942-4-0\"  class=\"panel-grid-cell\" ><div id=\"panel-3942-4-0-0\" class=\"so-panel widget widget_sow-editor panel-first-child panel-last-child\" data-index=\"19\" ><div\n\t\t\t\n\t\t\tclass=\"so-widget-sow-editor so-widget-sow-editor-base\"\n\t\t\t\n\t\t><h3 class=\"widget-title\">Formulaire de contact<\/h3>\n<div class=\"siteorigin-widget-tinymce textwidget\">\n\t<\/div>\n<\/div><\/div><\/div><\/div><\/div>","protected":false},"excerpt":{"rendered":"<p>Le Bois du Cazier propose des visites et animations sur 5 th\u00e9matiques principales : l&#8217;univers de la mine, l&#8217;industrie et les forges, l&#8217;immigration et la multiculturalit\u00e9, le verre, les terrils et les \u00e9nergies. Afin d&#8217;organiser au mieux votre visite, nous vous conseillons de t\u00e9l\u00e9charger notre brochure &#8220;Groupes scolaires et extrascolaires 2015-2016&#8221;.\u00a0Tout est mis en \u0153uvre pour faire de votre visite une r\u00e9ussite.\u00a0\u00a0Les atouts d&#8217;une visite au Bois du Cazier :<\/p>\n","protected":false},"author":1,"featured_media":0,"parent":0,"menu_order":89,"comment_status":"closed","ping_status":"closed","template":"","meta":{"_monsterinsights_skip_tracking":false,"_monsterinsights_sitenote_active":false,"_monsterinsights_sitenote_note":"","_monsterinsights_sitenote_category":0,"footnotes":""},"class_list":["post-3942","page","type-page","status-publish","hentry"],"yoast_head":"<!-- This site is optimized with the Yoast SEO plugin v27.4 - https:\/\/yoast.com\/product\/yoast-seo-wordpress\/ -->\n<title>Basisschool - Le Bois du Cazier<\/title>\n<meta name=\"robots\" content=\"index, follow, max-snippet:-1, max-image-preview:large, max-video-preview:-1\" \/>\n<link rel=\"canonical\" href=\"https:\/\/www.leboisducazier.be\/nl\/basisschool\/\" \/>\n<meta property=\"og:locale\" content=\"nl_NL\" \/>\n<meta property=\"og:type\" content=\"article\" \/>\n<meta property=\"og:title\" content=\"Basisschool - Le Bois du Cazier\" \/>\n<meta property=\"og:description\" content=\"Le Bois du Cazier propose des visites et animations sur 5 th\u00e9matiques principales : l&#039;univers de la mine, l&#039;industrie et les forges, l&#039;immigration et la multiculturalit\u00e9, le verre, les terrils et les \u00e9nergies. Afin d&#039;organiser au mieux votre visite, nous vous conseillons de t\u00e9l\u00e9charger notre brochure &quot;Groupes scolaires et extrascolaires 2015-2016&quot;.\u00a0Tout est mis en \u0153uvre pour faire de votre visite une r\u00e9ussite.\u00a0\u00a0Les atouts d&#039;une visite au Bois du Cazier :\" \/>\n<meta property=\"og:url\" content=\"https:\/\/www.leboisducazier.be\/nl\/basisschool\/\" \/>\n<meta property=\"og:site_name\" content=\"Le Bois du Cazier\" \/>\n<meta property=\"article:modified_time\" content=\"2016-04-14T14:23:09+00:00\" \/>\n<meta property=\"og:image\" content=\"http:\/\/www.leboisducazier.be\/wp-content\/uploads\/2016\/02\/Remi-1.jpg\" \/>\n<meta name=\"twitter:card\" content=\"summary_large_image\" \/>\n<meta name=\"twitter:label1\" content=\"Est. reading time\" \/>\n\t<meta name=\"twitter:data1\" content=\"4 minutes\" \/>\n<script type=\"application\/ld+json\" class=\"yoast-schema-graph\">{\"@context\":\"https:\\\/\\\/schema.org\",\"@graph\":[{\"@type\":\"WebPage\",\"@id\":\"https:\\\/\\\/www.leboisducazier.be\\\/nl\\\/basisschool\\\/\",\"url\":\"https:\\\/\\\/www.leboisducazier.be\\\/nl\\\/basisschool\\\/\",\"name\":\"Basisschool - Le Bois du Cazier\",\"isPartOf\":{\"@id\":\"https:\\\/\\\/www.leboisducazier.be\\\/#website\"},\"primaryImageOfPage\":{\"@id\":\"https:\\\/\\\/www.leboisducazier.be\\\/nl\\\/basisschool\\\/#primaryimage\"},\"image\":{\"@id\":\"https:\\\/\\\/www.leboisducazier.be\\\/nl\\\/basisschool\\\/#primaryimage\"},\"thumbnailUrl\":\"http:\\\/\\\/www.leboisducazier.be\\\/wp-content\\\/uploads\\\/2016\\\/02\\\/Remi-1.jpg\",\"datePublished\":\"2016-02-25T09:40:35+00:00\",\"dateModified\":\"2016-04-14T14:23:09+00:00\",\"breadcrumb\":{\"@id\":\"https:\\\/\\\/www.leboisducazier.be\\\/nl\\\/basisschool\\\/#breadcrumb\"},\"inLanguage\":\"nl-NL\",\"potentialAction\":[{\"@type\":\"ReadAction\",\"target\":[\"https:\\\/\\\/www.leboisducazier.be\\\/nl\\\/basisschool\\\/\"]}]},{\"@type\":\"ImageObject\",\"inLanguage\":\"nl-NL\",\"@id\":\"https:\\\/\\\/www.leboisducazier.be\\\/nl\\\/basisschool\\\/#primaryimage\",\"url\":\"http:\\\/\\\/www.leboisducazier.be\\\/wp-content\\\/uploads\\\/2016\\\/02\\\/Remi-1.jpg\",\"contentUrl\":\"http:\\\/\\\/www.leboisducazier.be\\\/wp-content\\\/uploads\\\/2016\\\/02\\\/Remi-1.jpg\"},{\"@type\":\"BreadcrumbList\",\"@id\":\"https:\\\/\\\/www.leboisducazier.be\\\/nl\\\/basisschool\\\/#breadcrumb\",\"itemListElement\":[{\"@type\":\"ListItem\",\"position\":1,\"name\":\"Accueil\",\"item\":\"https:\\\/\\\/www.leboisducazier.be\\\/nl\\\/\"},{\"@type\":\"ListItem\",\"position\":2,\"name\":\"Basisschool\"}]},{\"@type\":\"WebSite\",\"@id\":\"https:\\\/\\\/www.leboisducazier.be\\\/#website\",\"url\":\"https:\\\/\\\/www.leboisducazier.be\\\/\",\"name\":\"Le Bois du Cazier\",\"description\":\"La conscience d&#039;une m\u00e9moire\",\"publisher\":{\"@id\":\"https:\\\/\\\/www.leboisducazier.be\\\/#organization\"},\"potentialAction\":[{\"@type\":\"SearchAction\",\"target\":{\"@type\":\"EntryPoint\",\"urlTemplate\":\"https:\\\/\\\/www.leboisducazier.be\\\/?s={search_term_string}\"},\"query-input\":{\"@type\":\"PropertyValueSpecification\",\"valueRequired\":true,\"valueName\":\"search_term_string\"}}],\"inLanguage\":\"nl-NL\"},{\"@type\":\"Organization\",\"@id\":\"https:\\\/\\\/www.leboisducazier.be\\\/#organization\",\"name\":\"Le Bois du Cazier\",\"url\":\"https:\\\/\\\/www.leboisducazier.be\\\/\",\"logo\":{\"@type\":\"ImageObject\",\"inLanguage\":\"nl-NL\",\"@id\":\"https:\\\/\\\/www.leboisducazier.be\\\/#\\\/schema\\\/logo\\\/image\\\/\",\"url\":\"https:\\\/\\\/www.leboisducazier.be\\\/wp-content\\\/uploads\\\/2024\\\/04\\\/logo-2024-bdc-gris-orange-positif_page-0001.jpg\",\"contentUrl\":\"https:\\\/\\\/www.leboisducazier.be\\\/wp-content\\\/uploads\\\/2024\\\/04\\\/logo-2024-bdc-gris-orange-positif_page-0001.jpg\",\"width\":508,\"height\":436,\"caption\":\"Le Bois du Cazier\"},\"image\":{\"@id\":\"https:\\\/\\\/www.leboisducazier.be\\\/#\\\/schema\\\/logo\\\/image\\\/\"}}]}<\/script>\n<!-- \/ Yoast SEO plugin. -->","yoast_head_json":{"title":"Basisschool - Le Bois du Cazier","robots":{"index":"index","follow":"follow","max-snippet":"max-snippet:-1","max-image-preview":"max-image-preview:large","max-video-preview":"max-video-preview:-1"},"canonical":"https:\/\/www.leboisducazier.be\/nl\/basisschool\/","og_locale":"nl_NL","og_type":"article","og_title":"Basisschool - Le Bois du Cazier","og_description":"Le Bois du Cazier propose des visites et animations sur 5 th\u00e9matiques principales : l'univers de la mine, l'industrie et les forges, l'immigration et la multiculturalit\u00e9, le verre, les terrils et les \u00e9nergies. Afin d'organiser au mieux votre visite, nous vous conseillons de t\u00e9l\u00e9charger notre brochure \"Groupes scolaires et extrascolaires 2015-2016\".\u00a0Tout est mis en \u0153uvre pour faire de votre visite une r\u00e9ussite.\u00a0\u00a0Les atouts d'une visite au Bois du Cazier :","og_url":"https:\/\/www.leboisducazier.be\/nl\/basisschool\/","og_site_name":"Le Bois du Cazier","article_modified_time":"2016-04-14T14:23:09+00:00","og_image":[{"url":"http:\/\/www.leboisducazier.be\/wp-content\/uploads\/2016\/02\/Remi-1.jpg","type":"","width":"","height":""}],"twitter_card":"summary_large_image","twitter_misc":{"Est. reading time":"4 minutes"},"schema":{"@context":"https:\/\/schema.org","@graph":[{"@type":"WebPage","@id":"https:\/\/www.leboisducazier.be\/nl\/basisschool\/","url":"https:\/\/www.leboisducazier.be\/nl\/basisschool\/","name":"Basisschool - Le Bois du Cazier","isPartOf":{"@id":"https:\/\/www.leboisducazier.be\/#website"},"primaryImageOfPage":{"@id":"https:\/\/www.leboisducazier.be\/nl\/basisschool\/#primaryimage"},"image":{"@id":"https:\/\/www.leboisducazier.be\/nl\/basisschool\/#primaryimage"},"thumbnailUrl":"http:\/\/www.leboisducazier.be\/wp-content\/uploads\/2016\/02\/Remi-1.jpg","datePublished":"2016-02-25T09:40:35+00:00","dateModified":"2016-04-14T14:23:09+00:00","breadcrumb":{"@id":"https:\/\/www.leboisducazier.be\/nl\/basisschool\/#breadcrumb"},"inLanguage":"nl-NL","potentialAction":[{"@type":"ReadAction","target":["https:\/\/www.leboisducazier.be\/nl\/basisschool\/"]}]},{"@type":"ImageObject","inLanguage":"nl-NL","@id":"https:\/\/www.leboisducazier.be\/nl\/basisschool\/#primaryimage","url":"http:\/\/www.leboisducazier.be\/wp-content\/uploads\/2016\/02\/Remi-1.jpg","contentUrl":"http:\/\/www.leboisducazier.be\/wp-content\/uploads\/2016\/02\/Remi-1.jpg"},{"@type":"BreadcrumbList","@id":"https:\/\/www.leboisducazier.be\/nl\/basisschool\/#breadcrumb","itemListElement":[{"@type":"ListItem","position":1,"name":"Accueil","item":"https:\/\/www.leboisducazier.be\/nl\/"},{"@type":"ListItem","position":2,"name":"Basisschool"}]},{"@type":"WebSite","@id":"https:\/\/www.leboisducazier.be\/#website","url":"https:\/\/www.leboisducazier.be\/","name":"Le Bois du Cazier","description":"La conscience d&#039;une m\u00e9moire","publisher":{"@id":"https:\/\/www.leboisducazier.be\/#organization"},"potentialAction":[{"@type":"SearchAction","target":{"@type":"EntryPoint","urlTemplate":"https:\/\/www.leboisducazier.be\/?s={search_term_string}"},"query-input":{"@type":"PropertyValueSpecification","valueRequired":true,"valueName":"search_term_string"}}],"inLanguage":"nl-NL"},{"@type":"Organization","@id":"https:\/\/www.leboisducazier.be\/#organization","name":"Le Bois du Cazier","url":"https:\/\/www.leboisducazier.be\/","logo":{"@type":"ImageObject","inLanguage":"nl-NL","@id":"https:\/\/www.leboisducazier.be\/#\/schema\/logo\/image\/","url":"https:\/\/www.leboisducazier.be\/wp-content\/uploads\/2024\/04\/logo-2024-bdc-gris-orange-positif_page-0001.jpg","contentUrl":"https:\/\/www.leboisducazier.be\/wp-content\/uploads\/2024\/04\/logo-2024-bdc-gris-orange-positif_page-0001.jpg","width":508,"height":436,"caption":"Le Bois du Cazier"},"image":{"@id":"https:\/\/www.leboisducazier.be\/#\/schema\/logo\/image\/"}}]}},"amp_enabled":true,"_links":{"self":[{"href":"https:\/\/www.leboisducazier.be\/nl\/wp-json\/wp\/v2\/pages\/3942","targetHints":{"allow":["GET"]}}],"collection":[{"href":"https:\/\/www.leboisducazier.be\/nl\/wp-json\/wp\/v2\/pages"}],"about":[{"href":"https:\/\/www.leboisducazier.be\/nl\/wp-json\/wp\/v2\/types\/page"}],"author":[{"embeddable":true,"href":"https:\/\/www.leboisducazier.be\/nl\/wp-json\/wp\/v2\/users\/1"}],"replies":[{"embeddable":true,"href":"https:\/\/www.leboisducazier.be\/nl\/wp-json\/wp\/v2\/comments?post=3942"}],"version-history":[{"count":0,"href":"https:\/\/www.leboisducazier.be\/nl\/wp-json\/wp\/v2\/pages\/3942\/revisions"}],"wp:attachment":[{"href":"https:\/\/www.leboisducazier.be\/nl\/wp-json\/wp\/v2\/media?parent=3942"}],"curies":[{"name":"wp","href":"https:\/\/api.w.org\/{rel}","templated":true}]}}